{"id":7697,"date":"2019-09-26T11:45:07","date_gmt":"2019-09-26T11:45:07","guid":{"rendered":"https:\/\/escalantecentreteatral.dival.es\/?post_type=repercusion&#038;p=7697"},"modified":"2019-10-08T10:58:42","modified_gmt":"2019-10-08T10:58:42","slug":"3-clipping-np-lescalante-traca-una-radiografia-de-la-nostra-historia-contemporania-a-traves-de-quatre-relats-dins-del-seu-cicle-teatre-de-la-memoria","status":"publish","type":"repercusion","link":"https:\/\/escalantecentreteatral.dival.es\/val\/repercusion\/3-clipping-np-lescalante-traca-una-radiografia-de-la-nostra-historia-contemporania-a-traves-de-quatre-relats-dins-del-seu-cicle-teatre-de-la-memoria","title":{"rendered":"3 CLIPPING NP. L&#8217;Escalante tra\u00e7a una radiografia de la nostra hist\u00f2ria contempor\u00e0nia a traves de quatre relats dins del seu cicle &#8220;Teatre de la Mem\u00f2ria&#8221;"},"content":{"rendered":"<p style=\"text-align: center;\"><strong>Valencia Plaza<\/strong><\/p>\n<p style=\"text-align: center;\"><a href=\"https:\/\/valenciaplaza.com\/el-escalante-traza-una-radiografia-de-nuestra-historia-en-su-ciclo-teatro-de-la-memoria\">https:\/\/valenciaplaza.com\/el-escalante-traza-una-radiografia-de-nuestra-historia-en-su-ciclo-teatro-de-la-memoria<\/a><\/p>\n<p style=\"text-align: center;\"><strong>Valencia Teatros<\/strong><\/p>\n<p style=\"text-align: center;\"><a href=\"https:\/\/www.valenciateatros.com\/el-escalante-traza-una-radiografia-de-nuestra-historia-dentro-de-su-ciclo-teatro-de-la-memoria\/\">https:\/\/www.valenciateatros.com\/el-escalante-traza-una-radiografia-de-nuestra-historia-dentro-de-su-ciclo-teatro-de-la-memoria\/<\/a><\/p>\n<p style=\"text-align: center;\"><strong>Europpa Press<\/strong><\/p>\n<p style=\"text-align: center;\"><a href=\"https:\/\/www.europapress.es\/comunitat-valenciana\/noticia-escalante-sube-tablas-obras-paca-aguirre-josefina-aldecoa-maria-teresa-leon-proximo-fin-semana-20190925170640.html\">https:\/\/www.europapress.es\/comunitat-valenciana\/noticia-escalante-sube-tablas-obras-paca-aguirre-josefina-aldecoa-maria-teresa-leon-proximo-fin-semana-20190925170640.html<\/a><\/p>\n<p style=\"text-align: center;\"><strong>\u00a0<\/strong><strong>Los ojos de Hipatia<\/strong><\/p>\n<p style=\"text-align: center;\"><a href=\"https:\/\/losojosdehipatia.com.es\/cultura\/teatro\/el-escalante-traza-una-radiografia-de-nuestra-historia-contemporanea-a-traves-de-su-ciclo-teatro-de-la-memoria\/\">https:\/\/losojosdehipatia.com.es\/cultura\/teatro\/el-escalante-traza-una-radiografia-de-nuestra-historia-contemporanea-a-traves-de-su-ciclo-teatro-de-la-memoria\/<\/a><\/p>\n<p style=\"text-align: center;\"><strong>20 minutos<\/strong><\/p>\n<p style=\"text-align: center;\"><a href=\"https:\/\/www.20minutos.es\/noticia\/3777411\/0\/escalante-sube-tablas-obras-paca-aguirre-josefina-aldecoa-maria-teresa-leon\/\">https:\/\/www.20minutos.es\/noticia\/3777411\/0\/escalante-sube-tablas-obras-paca-aguirre-josefina-aldecoa-maria-teresa-leon\/<\/a><\/p>\n<p style=\"text-align: center;\"><strong>La Vanguardia<\/strong><\/p>\n<p style=\"text-align: center;\"><a href=\"https:\/\/www.lavanguardia.com\/local\/valencia\/20190925\/47637212392\/el-escalante-sube-a-las-tablas-obras-de-paca-aguirre-josefina-aldecoa-y-maria-teresa-leon.html\">https:\/\/www.lavanguardia.com\/local\/valencia\/20190925\/47637212392\/el-escalante-sube-a-las-tablas-obras-de-paca-aguirre-josefina-aldecoa-y-maria-teresa-leon.html<\/a><\/p>\n<p style=\"text-align: center;\"><strong>Artez Blai<\/strong><\/p>\n<p style=\"text-align: center;\"><a href=\"http:\/\/www.artezblai.com\/artezblai\/el-escalante-propone-cuatro-relatos-dentro-de-su-ciclo-teatro-de-la-memoria.html\">http:\/\/www.artezblai.com\/artezblai\/el-escalante-propone-cuatro-relatos-dentro-de-su-ciclo-teatro-de-la-memoria.html<\/a><\/p>\n<p style=\"text-align: center;\"><strong>Agenda Urbana<\/strong><\/p>\n<p style=\"text-align: center;\"><strong><a href=\"https:\/\/au-agenda.com\/eventos\/cicle-teatre-la-memoria-2019-encendidas\/\">https:\/\/au-agenda.com\/eventos\/cicle-teatre-la-memoria-2019-encendidas\/<\/a><\/strong><\/p>\n<p style=\"text-align: center;\"><strong>\u00a0<\/strong><strong>Gente digital<\/strong><\/p>\n<p style=\"text-align: center;\"><a href=\"http:\/\/www.gentedigital.es\/valencia\/noticia\/2717168\/el-escalante-sube-a-las-tablas-obras-de-paca-aguirre-josefina-aldecoa-y-maria-teresa-leon\/\">http:\/\/www.gentedigital.es\/valencia\/noticia\/2717168\/el-escalante-sube-a-las-tablas-obras-de-paca-aguirre-josefina-aldecoa-y-maria-teresa-leon\/<\/a><\/p>\n<p style=\"text-align: center;\"><strong><u>Viu Valencia<\/u><\/strong><\/p>\n<p style=\"text-align: center;\"><a href=\"http:\/\/www.viuvalencia.com\/articulo\/teatro_valencia_escalante_\/575519148\">http:\/\/www.viuvalencia.com\/articulo\/teatro_valencia_escalante_\/575519148<\/a><\/p>\n<p style=\"text-align: center;\"><strong>Verlanga<\/strong><\/p>\n<p style=\"text-align: center;\"><a href=\"https:\/\/verlanga.com\/secciones\/actualidad\/la-vida-y-la-obra-de-paca-aguirre-en-el-escenario\/\">https:\/\/verlanga.com\/secciones\/actualidad\/la-vida-y-la-obra-de-paca-aguirre-en-el-escenario\/<\/a><\/p>\n<p style=\"text-align: center;\"><strong>Noticias cv<\/strong><\/p>\n<p style=\"text-align: center;\"><a href=\"https:\/\/www.noticiascv.com\/l-escalante-historia-contemporania-teatre-de-la-memoria\/\">https:\/\/www.noticiascv.com\/l-escalante-historia-contemporania-teatre-de-la-memoria\/<\/a><\/p>\n<p style=\"text-align: center;\"><strong>\u00a0<\/strong><strong>BEAT Valencia<\/strong><\/p>\n<p style=\"text-align: center;\"><a href=\"https:\/\/beatvalencia.com\/el-escalante-traza-una-radiografia-de-nuestra-historia-contemporanea-con-su-ciclo-teatro-de-la-memoria\/\">https:\/\/beatvalencia.com\/el-escalante-traza-una-radiografia-de-nuestra-historia-contemporanea-con-su-ciclo-teatro-de-la-memoria\/<\/a><\/p>\n<p style=\"text-align: center;\"><strong>Qu\u00e9 hacer en Valencia<\/strong><\/p>\n<p style=\"text-align: center;\"><a href=\"http:\/\/www.quehacerenvalencia.es\/el-escalante-ofrece-4-relatos-sobre-nuestra-historia-contemporanea-en-su-teatro-de-la-memoria-20191001\">http:\/\/www.quehacerenvalencia.es\/el-escalante-ofrece-4-relatos-sobre-nuestra-historia-contemporanea-en-su-teatro-de-la-memoria-20191001<\/a><\/p>\n<p style=\"text-align: center;\"><strong>Ocio Levante<\/strong><\/p>\n<p style=\"text-align: center;\"><a href=\"https:\/\/ocio.levante-emv.com\/agenda\/valencia\/teatro\/valencia\/eve-1155049-historia-una-maestra.html\">https:\/\/ocio.levante-emv.com\/agenda\/valencia\/teatro\/valencia\/eve-1155049-historia-una-maestra.html<\/a><\/p>\n<p style=\"text-align: center;\"><strong>La voz de la Rep\u00fablica<\/strong><\/p>\n<p style=\"text-align: center;\"><a href=\"https:\/\/www.lavozdelarepublica.es\/2019\/09\/el-escalante-retrata-nuestra-historia.html\">https:\/\/www.lavozdelarepublica.es\/2019\/09\/el-escalante-retrata-nuestra-historia.html<\/a><\/p>\n<p>&nbsp;<\/p>\n<p>&nbsp;<\/p>\n","protected":false},"author":11,"featured_media":0,"template":"","acf":[],"yoast_head":"<!-- This site is optimized with the Yoast SEO plugin v21.1 - https:\/\/yoast.com\/wordpress\/plugins\/seo\/ -->\n<title>3 CLIPPING NP. L&#039;Escalante tra\u00e7a una radiografia de la nostra hist\u00f2ria contempor\u00e0nia a traves de quatre relats dins del seu cicle &quot;Teatre de la Mem\u00f2ria&quot; - Escalante Centre Teatral<\/title>\n<meta name=\"robots\" content=\"index, follow, max-snippet:-1, max-image-preview:large, max-video-preview:-1\" \/>\n<link rel=\"canonical\" href=\"https:\/\/escalantecentreteatral.dival.es\/repercusion\/3-clipping-np-el-escalante-traza-una-radiografia-de-nuestra-historia-contemporanea-a-traves-de-cuatro-relatos-dentro-de-su-ciclo-teatro-de-la-memoria\" \/>\n<meta property=\"og:locale\" content=\"ca_ES\" \/>\n<meta property=\"og:type\" content=\"article\" \/>\n<meta property=\"og:title\" content=\"3 CLIPPING NP. L&#039;Escalante tra\u00e7a una radiografia de la nostra hist\u00f2ria contempor\u00e0nia a traves de quatre relats dins del seu cicle &quot;Teatre de la Mem\u00f2ria&quot; - Escalante Centre Teatral\" \/>\n<meta property=\"og:description\" content=\"Valencia Plaza https:\/\/valenciaplaza.com\/el-escalante-traza-una-radiografia-de-nuestra-historia-en-su-ciclo-teatro-de-la-memoria Valencia Teatros https:\/\/www.valenciateatros.com\/el-escalante-traza-una-radiografia-de-nuestra-historia-dentro-de-su-ciclo-teatro-de-la-memoria\/ Europpa Press https:\/\/www.europapress.es\/comunitat-valenciana\/noticia-escalante-sube-tablas-obras-paca-aguirre-josefina-aldecoa-maria-teresa-leon-proximo-fin-semana-20190925170640.html \u00a0Los ojos de Hipatia https:\/\/losojosdehipatia.com.es\/cultura\/teatro\/el-escalante-traza-una-radiografia-de-nuestra-historia-contemporanea-a-traves-de-su-ciclo-teatro-de-la-memoria\/ 20 minutos https:\/\/www.20minutos.es\/noticia\/3777411\/0\/escalante-sube-tablas-obras-paca-aguirre-josefina-aldecoa-maria-teresa-leon\/ La Vanguardia https:\/\/www.lavanguardia.com\/local\/valencia\/20190925\/47637212392\/el-escalante-sube-a-las-tablas-obras-de-paca-aguirre-josefina-aldecoa-y-maria-teresa-leon.html Artez Blai http:\/\/www.artezblai.com\/artezblai\/el-escalante-propone-cuatro-relatos-dentro-de-su-ciclo-teatro-de-la-memoria.html Agenda Urbana https:\/\/au-agenda.com\/eventos\/cicle-teatre-la-memoria-2019-encendidas\/ \u00a0Gente digital http:\/\/www.gentedigital.es\/valencia\/noticia\/2717168\/el-escalante-sube-a-las-tablas-obras-de-paca-aguirre-josefina-aldecoa-y-maria-teresa-leon\/ Viu Valencia http:\/\/www.viuvalencia.com\/articulo\/teatro_valencia_escalante_\/575519148 Verlanga https:\/\/verlanga.com\/secciones\/actualidad\/la-vida-y-la-obra-de-paca-aguirre-en-el-escenario\/ Noticias cv https:\/\/www.noticiascv.com\/l-escalante-historia-contemporania-teatre-de-la-memoria\/ \u00a0BEAT Valencia https:\/\/beatvalencia.com\/el-escalante-traza-una-radiografia-de-nuestra-historia-contemporanea-con-su-ciclo-teatro-de-la-memoria\/ Qu\u00e9 hacer en Valencia http:\/\/www.quehacerenvalencia.es\/el-escalante-ofrece-4-relatos-sobre-nuestra-historia-contemporanea-en-su-teatro-de-la-memoria-20191001 Ocio Levante https:\/\/ocio.levante-emv.com\/agenda\/valencia\/teatro\/valencia\/eve-1155049-historia-una-maestra.html La voz de la Rep\u00fablica https:\/\/www.lavozdelarepublica.es\/2019\/09\/el-escalante-retrata-nuestra-historia.html &nbsp; [&hellip;]\" \/>\n<meta property=\"og:url\" content=\"https:\/\/escalantecentreteatral.dival.es\/repercusion\/3-clipping-np-el-escalante-traza-una-radiografia-de-nuestra-historia-contemporanea-a-traves-de-cuatro-relatos-dentro-de-su-ciclo-teatro-de-la-memoria\" \/>\n<meta property=\"og:site_name\" content=\"Escalante Centre Teatral\" \/>\n<meta property=\"article:publisher\" content=\"https:\/\/www.facebook.com\/EscalanteTeatre\" \/>\n<meta property=\"article:modified_time\" content=\"2019-10-08T10:58:42+00:00\" \/>\n<meta property=\"og:image\" content=\"https:\/\/escalantecentreteatral.dival.es\/wp-content\/uploads\/logo_ect_nu_ect.png\" \/>\n\t<meta property=\"og:image:width\" content=\"800\" \/>\n\t<meta property=\"og:image:height\" content=\"800\" \/>\n\t<meta property=\"og:image:type\" content=\"image\/png\" \/>\n<meta name=\"twitter:card\" content=\"summary_large_image\" \/>\n<meta name=\"twitter:site\" content=\"@TeatreEscalante\" \/>\n<meta name=\"twitter:label1\" content=\"Est. reading time\" \/>\n\t<meta name=\"twitter:data1\" content=\"1 minute\" \/>\n<script type=\"application\/ld+json\" class=\"yoast-schema-graph\">{\"@context\":\"https:\/\/schema.org\",\"@graph\":[{\"@type\":\"WebPage\",\"@id\":\"https:\/\/escalantecentreteatral.dival.es\/repercusion\/3-clipping-np-el-escalante-traza-una-radiografia-de-nuestra-historia-contemporanea-a-traves-de-cuatro-relatos-dentro-de-su-ciclo-teatro-de-la-memoria\",\"url\":\"https:\/\/escalantecentreteatral.dival.es\/repercusion\/3-clipping-np-el-escalante-traza-una-radiografia-de-nuestra-historia-contemporanea-a-traves-de-cuatro-relatos-dentro-de-su-ciclo-teatro-de-la-memoria\",\"name\":\"3 CLIPPING NP. L'Escalante tra\u00e7a una radiografia de la nostra hist\u00f2ria contempor\u00e0nia a traves de quatre relats dins del seu cicle \\\"Teatre de la Mem\u00f2ria\\\" - Escalante Centre Teatral\",\"isPartOf\":{\"@id\":\"https:\/\/escalantecentreteatral.dival.es\/val\/#website\"},\"datePublished\":\"2019-09-26T11:45:07+00:00\",\"dateModified\":\"2019-10-08T10:58:42+00:00\",\"breadcrumb\":{\"@id\":\"https:\/\/escalantecentreteatral.dival.es\/repercusion\/3-clipping-np-el-escalante-traza-una-radiografia-de-nuestra-historia-contemporanea-a-traves-de-cuatro-relatos-dentro-de-su-ciclo-teatro-de-la-memoria#breadcrumb\"},\"inLanguage\":\"ca\",\"potentialAction\":[{\"@type\":\"ReadAction\",\"target\":[\"https:\/\/escalantecentreteatral.dival.es\/repercusion\/3-clipping-np-el-escalante-traza-una-radiografia-de-nuestra-historia-contemporanea-a-traves-de-cuatro-relatos-dentro-de-su-ciclo-teatro-de-la-memoria\"]}]},{\"@type\":\"BreadcrumbList\",\"@id\":\"https:\/\/escalantecentreteatral.dival.es\/repercusion\/3-clipping-np-el-escalante-traza-una-radiografia-de-nuestra-historia-contemporanea-a-traves-de-cuatro-relatos-dentro-de-su-ciclo-teatro-de-la-memoria#breadcrumb\",\"itemListElement\":[{\"@type\":\"ListItem\",\"position\":1,\"name\":\"Home\",\"item\":\"https:\/\/escalantecentreteatral.dival.es\/val\"},{\"@type\":\"ListItem\",\"position\":2,\"name\":\"Repercusi\u00f3n Medi\u00e1tica\",\"item\":\"https:\/\/escalantecentreteatral.dival.es\/repercusion\"},{\"@type\":\"ListItem\",\"position\":3,\"name\":\"3 CLIPPING NP. L&#8217;Escalante tra\u00e7a una radiografia de la nostra hist\u00f2ria contempor\u00e0nia a traves de quatre relats dins del seu cicle \u00abTeatre de la Mem\u00f2ria\u00bb\"}]},{\"@type\":\"WebSite\",\"@id\":\"https:\/\/escalantecentreteatral.dival.es\/val\/#website\",\"url\":\"https:\/\/escalantecentreteatral.dival.es\/val\/\",\"name\":\"Escalante Centre Teatral\",\"description\":\"Valencia | espectaculos | musicales | artes escenicas.\",\"publisher\":{\"@id\":\"https:\/\/escalantecentreteatral.dival.es\/val\/#organization\"},\"potentialAction\":[{\"@type\":\"SearchAction\",\"target\":{\"@type\":\"EntryPoint\",\"urlTemplate\":\"https:\/\/escalantecentreteatral.dival.es\/val\/?s={search_term_string}\"},\"query-input\":\"required name=search_term_string\"}],\"inLanguage\":\"ca\"},{\"@type\":\"Organization\",\"@id\":\"https:\/\/escalantecentreteatral.dival.es\/val\/#organization\",\"name\":\"Escalante Centre Teatral\",\"alternateName\":\"Escalante Centre Teatral Val\u00e8ncia\",\"url\":\"https:\/\/escalantecentreteatral.dival.es\/val\/\",\"logo\":{\"@type\":\"ImageObject\",\"inLanguage\":\"ca\",\"@id\":\"https:\/\/escalantecentreteatral.dival.es\/val\/#\/schema\/logo\/image\/\",\"url\":\"https:\/\/escalantecentreteatral.dival.es\/wp-content\/uploads\/logo_ect-1.png\",\"contentUrl\":\"https:\/\/escalantecentreteatral.dival.es\/wp-content\/uploads\/logo_ect-1.png\",\"width\":1024,\"height\":292,\"caption\":\"Escalante Centre Teatral\"},\"image\":{\"@id\":\"https:\/\/escalantecentreteatral.dival.es\/val\/#\/schema\/logo\/image\/\"},\"sameAs\":[\"https:\/\/www.facebook.com\/EscalanteTeatre\",\"https:\/\/twitter.com\/TeatreEscalante\",\"https:\/\/www.instagram.com\/centre_escalante\/\",\"https:\/\/www.youtube.com\/channel\/UCaXtimrtZ6eLZKN2qPgPa3g\"]}]}<\/script>\n<!-- \/ Yoast SEO plugin. -->","yoast_head_json":{"title":"3 CLIPPING NP. L'Escalante tra\u00e7a una radiografia de la nostra hist\u00f2ria contempor\u00e0nia a traves de quatre relats dins del seu cicle \"Teatre de la Mem\u00f2ria\" - Escalante Centre Teatral","robots":{"index":"index","follow":"follow","max-snippet":"max-snippet:-1","max-image-preview":"max-image-preview:large","max-video-preview":"max-video-preview:-1"},"canonical":"https:\/\/escalantecentreteatral.dival.es\/repercusion\/3-clipping-np-el-escalante-traza-una-radiografia-de-nuestra-historia-contemporanea-a-traves-de-cuatro-relatos-dentro-de-su-ciclo-teatro-de-la-memoria","og_locale":"ca_ES","og_type":"article","og_title":"3 CLIPPING NP. L'Escalante tra\u00e7a una radiografia de la nostra hist\u00f2ria contempor\u00e0nia a traves de quatre relats dins del seu cicle \"Teatre de la Mem\u00f2ria\" - Escalante Centre Teatral","og_description":"Valencia Plaza https:\/\/valenciaplaza.com\/el-escalante-traza-una-radiografia-de-nuestra-historia-en-su-ciclo-teatro-de-la-memoria Valencia Teatros https:\/\/www.valenciateatros.com\/el-escalante-traza-una-radiografia-de-nuestra-historia-dentro-de-su-ciclo-teatro-de-la-memoria\/ Europpa Press https:\/\/www.europapress.es\/comunitat-valenciana\/noticia-escalante-sube-tablas-obras-paca-aguirre-josefina-aldecoa-maria-teresa-leon-proximo-fin-semana-20190925170640.html \u00a0Los ojos de Hipatia https:\/\/losojosdehipatia.com.es\/cultura\/teatro\/el-escalante-traza-una-radiografia-de-nuestra-historia-contemporanea-a-traves-de-su-ciclo-teatro-de-la-memoria\/ 20 minutos https:\/\/www.20minutos.es\/noticia\/3777411\/0\/escalante-sube-tablas-obras-paca-aguirre-josefina-aldecoa-maria-teresa-leon\/ La Vanguardia https:\/\/www.lavanguardia.com\/local\/valencia\/20190925\/47637212392\/el-escalante-sube-a-las-tablas-obras-de-paca-aguirre-josefina-aldecoa-y-maria-teresa-leon.html Artez Blai http:\/\/www.artezblai.com\/artezblai\/el-escalante-propone-cuatro-relatos-dentro-de-su-ciclo-teatro-de-la-memoria.html Agenda Urbana https:\/\/au-agenda.com\/eventos\/cicle-teatre-la-memoria-2019-encendidas\/ \u00a0Gente digital http:\/\/www.gentedigital.es\/valencia\/noticia\/2717168\/el-escalante-sube-a-las-tablas-obras-de-paca-aguirre-josefina-aldecoa-y-maria-teresa-leon\/ Viu Valencia http:\/\/www.viuvalencia.com\/articulo\/teatro_valencia_escalante_\/575519148 Verlanga https:\/\/verlanga.com\/secciones\/actualidad\/la-vida-y-la-obra-de-paca-aguirre-en-el-escenario\/ Noticias cv https:\/\/www.noticiascv.com\/l-escalante-historia-contemporania-teatre-de-la-memoria\/ \u00a0BEAT Valencia https:\/\/beatvalencia.com\/el-escalante-traza-una-radiografia-de-nuestra-historia-contemporanea-con-su-ciclo-teatro-de-la-memoria\/ Qu\u00e9 hacer en Valencia http:\/\/www.quehacerenvalencia.es\/el-escalante-ofrece-4-relatos-sobre-nuestra-historia-contemporanea-en-su-teatro-de-la-memoria-20191001 Ocio Levante https:\/\/ocio.levante-emv.com\/agenda\/valencia\/teatro\/valencia\/eve-1155049-historia-una-maestra.html La voz de la Rep\u00fablica https:\/\/www.lavozdelarepublica.es\/2019\/09\/el-escalante-retrata-nuestra-historia.html &nbsp; [&hellip;]","og_url":"https:\/\/escalantecentreteatral.dival.es\/repercusion\/3-clipping-np-el-escalante-traza-una-radiografia-de-nuestra-historia-contemporanea-a-traves-de-cuatro-relatos-dentro-de-su-ciclo-teatro-de-la-memoria","og_site_name":"Escalante Centre Teatral","article_publisher":"https:\/\/www.facebook.com\/EscalanteTeatre","article_modified_time":"2019-10-08T10:58:42+00:00","og_image":[{"width":800,"height":800,"url":"https:\/\/escalantecentreteatral.dival.es\/wp-content\/uploads\/logo_ect_nu_ect.png","type":"image\/png"}],"twitter_card":"summary_large_image","twitter_site":"@TeatreEscalante","twitter_misc":{"Est. reading time":"1 minute"},"schema":{"@context":"https:\/\/schema.org","@graph":[{"@type":"WebPage","@id":"https:\/\/escalantecentreteatral.dival.es\/repercusion\/3-clipping-np-el-escalante-traza-una-radiografia-de-nuestra-historia-contemporanea-a-traves-de-cuatro-relatos-dentro-de-su-ciclo-teatro-de-la-memoria","url":"https:\/\/escalantecentreteatral.dival.es\/repercusion\/3-clipping-np-el-escalante-traza-una-radiografia-de-nuestra-historia-contemporanea-a-traves-de-cuatro-relatos-dentro-de-su-ciclo-teatro-de-la-memoria","name":"3 CLIPPING NP. L'Escalante tra\u00e7a una radiografia de la nostra hist\u00f2ria contempor\u00e0nia a traves de quatre relats dins del seu cicle \"Teatre de la Mem\u00f2ria\" - Escalante Centre Teatral","isPartOf":{"@id":"https:\/\/escalantecentreteatral.dival.es\/val\/#website"},"datePublished":"2019-09-26T11:45:07+00:00","dateModified":"2019-10-08T10:58:42+00:00","breadcrumb":{"@id":"https:\/\/escalantecentreteatral.dival.es\/repercusion\/3-clipping-np-el-escalante-traza-una-radiografia-de-nuestra-historia-contemporanea-a-traves-de-cuatro-relatos-dentro-de-su-ciclo-teatro-de-la-memoria#breadcrumb"},"inLanguage":"ca","potentialAction":[{"@type":"ReadAction","target":["https:\/\/escalantecentreteatral.dival.es\/repercusion\/3-clipping-np-el-escalante-traza-una-radiografia-de-nuestra-historia-contemporanea-a-traves-de-cuatro-relatos-dentro-de-su-ciclo-teatro-de-la-memoria"]}]},{"@type":"BreadcrumbList","@id":"https:\/\/escalantecentreteatral.dival.es\/repercusion\/3-clipping-np-el-escalante-traza-una-radiografia-de-nuestra-historia-contemporanea-a-traves-de-cuatro-relatos-dentro-de-su-ciclo-teatro-de-la-memoria#breadcrumb","itemListElement":[{"@type":"ListItem","position":1,"name":"Home","item":"https:\/\/escalantecentreteatral.dival.es\/val"},{"@type":"ListItem","position":2,"name":"Repercusi\u00f3n Medi\u00e1tica","item":"https:\/\/escalantecentreteatral.dival.es\/repercusion"},{"@type":"ListItem","position":3,"name":"3 CLIPPING NP. L&#8217;Escalante tra\u00e7a una radiografia de la nostra hist\u00f2ria contempor\u00e0nia a traves de quatre relats dins del seu cicle \u00abTeatre de la Mem\u00f2ria\u00bb"}]},{"@type":"WebSite","@id":"https:\/\/escalantecentreteatral.dival.es\/val\/#website","url":"https:\/\/escalantecentreteatral.dival.es\/val\/","name":"Escalante Centre Teatral","description":"Valencia | espectaculos | musicales | artes escenicas.","publisher":{"@id":"https:\/\/escalantecentreteatral.dival.es\/val\/#organization"},"potentialAction":[{"@type":"SearchAction","target":{"@type":"EntryPoint","urlTemplate":"https:\/\/escalantecentreteatral.dival.es\/val\/?s={search_term_string}"},"query-input":"required name=search_term_string"}],"inLanguage":"ca"},{"@type":"Organization","@id":"https:\/\/escalantecentreteatral.dival.es\/val\/#organization","name":"Escalante Centre Teatral","alternateName":"Escalante Centre Teatral Val\u00e8ncia","url":"https:\/\/escalantecentreteatral.dival.es\/val\/","logo":{"@type":"ImageObject","inLanguage":"ca","@id":"https:\/\/escalantecentreteatral.dival.es\/val\/#\/schema\/logo\/image\/","url":"https:\/\/escalantecentreteatral.dival.es\/wp-content\/uploads\/logo_ect-1.png","contentUrl":"https:\/\/escalantecentreteatral.dival.es\/wp-content\/uploads\/logo_ect-1.png","width":1024,"height":292,"caption":"Escalante Centre Teatral"},"image":{"@id":"https:\/\/escalantecentreteatral.dival.es\/val\/#\/schema\/logo\/image\/"},"sameAs":["https:\/\/www.facebook.com\/EscalanteTeatre","https:\/\/twitter.com\/TeatreEscalante","https:\/\/www.instagram.com\/centre_escalante\/","https:\/\/www.youtube.com\/channel\/UCaXtimrtZ6eLZKN2qPgPa3g"]}]}},"_links":{"self":[{"href":"https:\/\/escalantecentreteatral.dival.es\/val\/wp-json\/wp\/v2\/repercusion\/7697"}],"collection":[{"href":"https:\/\/escalantecentreteatral.dival.es\/val\/wp-json\/wp\/v2\/repercusion"}],"about":[{"href":"https:\/\/escalantecentreteatral.dival.es\/val\/wp-json\/wp\/v2\/types\/repercusion"}],"author":[{"embeddable":true,"href":"https:\/\/escalantecentreteatral.dival.es\/val\/wp-json\/wp\/v2\/users\/11"}],"version-history":[{"count":4,"href":"https:\/\/escalantecentreteatral.dival.es\/val\/wp-json\/wp\/v2\/repercusion\/7697\/revisions"}],"predecessor-version":[{"id":7722,"href":"https:\/\/escalantecentreteatral.dival.es\/val\/wp-json\/wp\/v2\/repercusion\/7697\/revisions\/7722"}],"wp:attachment":[{"href":"https:\/\/escalantecentreteatral.dival.es\/val\/wp-json\/wp\/v2\/media?parent=7697"}],"curies":[{"name":"wp","href":"https:\/\/api.w.org\/{rel}","templated":true}]}}