{"id":2371,"date":"2016-11-28T12:00:06","date_gmt":"2016-11-28T12:00:06","guid":{"rendered":"https:\/\/escalantecentreteatral.dival.es\/val\/repercusion\/escalante-vestira-la-navidad-memoria-historica-una-programacion-familiar-jugar-experimentar-teatro"},"modified":"2017-10-17T11:41:45","modified_gmt":"2017-10-17T11:41:45","slug":"escalante-vestira-la-navidad-memoria-historica-una-programacion-familiar-jugar-experimentar-teatro","status":"publish","type":"repercusion","link":"https:\/\/escalantecentreteatral.dival.es\/val\/repercusion\/escalante-vestira-la-navidad-memoria-historica-una-programacion-familiar-jugar-experimentar-teatro","title":{"rendered":"4. L\u2019Escalante vestir\u00e0 el Nadal de Mem\u00f2ria Hist\u00f2rica i d&#8217;una programaci\u00f3 familiar per a jugar i experimentar amb el teatre"},"content":{"rendered":"<p><strong>Las Provincias<\/strong>:\u00a0<a href=\"http:\/\/www.lasprovincias.es\/agencias\/valencia\/201611\/25\/teatro-escalante-abre-publico-830793.html\">http:\/\/www.lasprovincias.es\/agencias\/valencia\/201611\/25\/teatro-escalante-abre-publico-830793.html<\/a><\/p>\n<p><strong>ABC:\u00a0<\/strong><a href=\"http:\/\/agencias.abc.es\/agencias\/noticia.asp?noticia=2379203\">http:\/\/agencias.abc.es\/agencias\/noticia.asp?noticia=2379203<\/a><\/p>\n<p><strong>La Veu:<\/strong>\u00a0<a href=\"http:\/\/www.laveupv.com\/noticia\/23430\/rss\">http:\/\/www.laveupv.com\/noticia\/23430\/rss<\/a><\/p>\n<p><a href=\"http:\/\/www.europapress.es\/valencia\/noticia-lescalante-sobri-public-adult-amb-cicle-nadalenc-dedicat-memoria-historica-20161125190343.html\">http:\/\/www.europapress.es\/valencia\/noticia-lescalante-sobri-public-adult-amb-cicle-nadalenc-dedicat-memoria-historica-20161125190343.html<\/a><\/p>\n<p><strong>La Vanguardia:<\/strong>\u00a0<a href=\"http:\/\/www.lavanguardia.com\/local\/valencia\/20161125\/412170093448\/el-teatro-escalante-abre-al-publico-adulto-con-su-ciclo-de-memoria-historica.html\">http:\/\/www.lavanguardia.com\/local\/valencia\/20161125\/412170093448\/el-teatro-escalante-abre-al-publico-adulto-con-su-ciclo-de-memoria-historica.html<\/a><\/p>\n<p><strong>El peri\u00f3dico de aqu\u00ed:<\/strong>\u00a0<a href=\"http:\/\/www.elperiodicodeaqui.com\/noticias\/LEscalante-vestiraNadalMemoria-Historica-i-duna-programacio-familiar-perjugar\/120530\">http:\/\/www.elperiodicodeaqui.com\/noticias\/LEscalante-vestiraNadalMemoria-Historica-i-duna-programacio-familiar-perjugar\/120530<\/a><\/p>\n<p><strong>ABC:\u00a0<\/strong><a href=\"http:\/\/www.abc.es\/espana\/comunidad-valenciana\/abci-programacio-lescalante-este-hivern-historia-humor-diversio-tota-familia-201611271936_noticia.html\">http:\/\/www.abc.es\/espana\/comunidad-valenciana\/abci-programacio-lescalante-este-hivern-historia-humor-diversio-tota-familia-201611271936_noticia.html<\/a><\/p>\n<p><strong>El peri\u00f2dic<\/strong>:\u00a0<a href=\"http:\/\/www.elperiodic.com\/valencia\/noticias\/475172_lescalante-sobri-p%C3%BAblic-adult-cicle-mem%C3%B2ria-hist%C3%B2rica-presenta-espectacles-familiars-nadal.html\">http:\/\/www.elperiodic.com\/valencia\/noticias\/475172_lescalante-sobri-p%C3%BAblic-adult-cicle-mem%C3%B2ria-hist%C3%B2rica-presenta-espectacles-familiars-nadal.html<\/a><\/p>\n<p><strong>20 Minutos:\u00a0<\/strong><a href=\"http:\/\/www.20minutos.es\/noticia\/2898293\/0\/lescalante-sobri-al-public-adult-amb-cicle-nadalenc-dedicat-mem-ria-hist-rica\/\">http:\/\/www.20minutos.es\/noticia\/2898293\/0\/lescalante-sobri-al-public-adult-amb-cicle-nadalenc-dedicat-mem-ria-hist-rica\/<\/a><\/p>\n<div class=\"ratio ratio-16x9\">\n<blockquote class=\"wp-embedded-content\" data-secret=\"aNonzg3hgV\"><p><a href=\"https:\/\/www.informavalencia.com\/2016\/12\/06\/escalante-una-programacion-de-historia-humor-y-diversion-para-toda-la-familia\/\">Escalante, una programaci\u00f3n de historia, humor y diversi\u00f3n para toda la familia<\/a><\/p><\/blockquote>\n<p><iframe class=\"wp-embedded-content\" sandbox=\"allow-scripts\" security=\"restricted\" style=\"position: absolute; clip: rect(1px, 1px, 1px, 1px);\" title=\"\u00abEscalante, una programaci\u00f3n de historia, humor y diversi\u00f3n para toda la familia\u00bb \u2014 InformaValencia - Diario digital valenciano\" src=\"https:\/\/www.informavalencia.com\/2016\/12\/06\/escalante-una-programacion-de-historia-humor-y-diversion-para-toda-la-familia\/embed\/#?secret=y00O0kVeJE#?secret=aNonzg3hgV\" data-secret=\"aNonzg3hgV\" width=\"600\" height=\"338\" frameborder=\"0\" marginwidth=\"0\" marginheight=\"0\" scrolling=\"no\"><\/iframe><\/div>\n<p>http:\/\/agendadeisa.com\/nadal-a-lescalante\/<\/p>\n<p>http:\/\/www.copeaxarquia.es\/programacio-de-lescalante-per-a-este-hivern-historia-humor-i-diversio-per-a-tota-la-familia\/<\/p>\n<p>&nbsp;<\/p>\n<div class=\"ratio ratio-16x9\">\n<blockquote class=\"wp-embedded-content\" data-secret=\"CeeLe3OcOJ\"><p><a href=\"https:\/\/www.valenciateatros.com\/ciclo-memoria-historica-escalante-centre-teatral\/\">Ciclo Memoria Hist\u00f3rica &#8211; Escalante Centre Teatral<\/a><\/p><\/blockquote>\n<p><iframe class=\"wp-embedded-content\" sandbox=\"allow-scripts\" security=\"restricted\" style=\"position: absolute; clip: rect(1px, 1px, 1px, 1px);\" title=\"&#171;Ciclo Memoria Hist\u00f3rica &#8211; Escalante Centre Teatral&#187; &#8212; Valencia Teatros\" src=\"https:\/\/www.valenciateatros.com\/ciclo-memoria-historica-escalante-centre-teatral\/embed\/#?secret=CeeLe3OcOJ\" data-secret=\"CeeLe3OcOJ\" width=\"600\" height=\"338\" frameborder=\"0\" marginwidth=\"0\" marginheight=\"0\" scrolling=\"no\"><\/iframe><\/div>\n<p>http:\/\/valenciaextra.com\/es\/lescalante-sobri-al-public-adult-amb-un-cicle-de-memoria-historica-i-presenta-espectacles-familiars-per-a-nadal\/<\/p>\n","protected":false},"author":11,"featured_media":0,"template":"","acf":[],"yoast_head":"<!-- This site is optimized with the Yoast SEO plugin v21.1 - https:\/\/yoast.com\/wordpress\/plugins\/seo\/ -->\n<title>4. L\u2019Escalante vestir\u00e0 el Nadal de Mem\u00f2ria Hist\u00f2rica i d&#039;una programaci\u00f3 familiar per a jugar i experimentar amb el teatre - Escalante Centre Teatral<\/title>\n<meta name=\"robots\" content=\"index, follow, max-snippet:-1, max-image-preview:large, max-video-preview:-1\" \/>\n<link rel=\"canonical\" href=\"https:\/\/escalantecentreteatral.dival.es\/repercusion\/escalante-vestira-la-navidad-memoria-historica-una-programacion-familiar-jugar-experimentar-teatro\" \/>\n<meta property=\"og:locale\" content=\"ca_ES\" \/>\n<meta property=\"og:type\" content=\"article\" \/>\n<meta property=\"og:title\" content=\"4. L\u2019Escalante vestir\u00e0 el Nadal de Mem\u00f2ria Hist\u00f2rica i d&#039;una programaci\u00f3 familiar per a jugar i experimentar amb el teatre - Escalante Centre Teatral\" \/>\n<meta property=\"og:description\" content=\"Las Provincias:\u00a0http:\/\/www.lasprovincias.es\/agencias\/valencia\/201611\/25\/teatro-escalante-abre-publico-830793.html ABC:\u00a0http:\/\/agencias.abc.es\/agencias\/noticia.asp?noticia=2379203 La Veu:\u00a0http:\/\/www.laveupv.com\/noticia\/23430\/rss http:\/\/www.europapress.es\/valencia\/noticia-lescalante-sobri-public-adult-amb-cicle-nadalenc-dedicat-memoria-historica-20161125190343.html La Vanguardia:\u00a0http:\/\/www.lavanguardia.com\/local\/valencia\/20161125\/412170093448\/el-teatro-escalante-abre-al-publico-adulto-con-su-ciclo-de-memoria-historica.html El peri\u00f3dico de aqu\u00ed:\u00a0http:\/\/www.elperiodicodeaqui.com\/noticias\/LEscalante-vestiraNadalMemoria-Historica-i-duna-programacio-familiar-perjugar\/120530 ABC:\u00a0http:\/\/www.abc.es\/espana\/comunidad-valenciana\/abci-programacio-lescalante-este-hivern-historia-humor-diversio-tota-familia-201611271936_noticia.html El peri\u00f2dic:\u00a0http:\/\/www.elperiodic.com\/valencia\/noticias\/475172_lescalante-sobri-p%C3%BAblic-adult-cicle-mem%C3%B2ria-hist%C3%B2rica-presenta-espectacles-familiars-nadal.html 20 Minutos:\u00a0http:\/\/www.20minutos.es\/noticia\/2898293\/0\/lescalante-sobri-al-public-adult-amb-cicle-nadalenc-dedicat-mem-ria-hist-rica\/ Escalante, una programaci\u00f3n de historia, humor y diversi\u00f3n para toda la familia http:\/\/agendadeisa.com\/nadal-a-lescalante\/ http:\/\/www.copeaxarquia.es\/programacio-de-lescalante-per-a-este-hivern-historia-humor-i-diversio-per-a-tota-la-familia\/ &nbsp; Ciclo Memoria Hist\u00f3rica &#8211; Escalante Centre Teatral http:\/\/valenciaextra.com\/es\/lescalante-sobri-al-public-adult-amb-un-cicle-de-memoria-historica-i-presenta-espectacles-familiars-per-a-nadal\/\" \/>\n<meta property=\"og:url\" content=\"https:\/\/escalantecentreteatral.dival.es\/repercusion\/escalante-vestira-la-navidad-memoria-historica-una-programacion-familiar-jugar-experimentar-teatro\" \/>\n<meta property=\"og:site_name\" content=\"Escalante Centre Teatral\" \/>\n<meta property=\"article:publisher\" content=\"https:\/\/www.facebook.com\/EscalanteTeatre\" \/>\n<meta property=\"article:modified_time\" content=\"2017-10-17T11:41:45+00:00\" \/>\n<meta property=\"og:image\" content=\"https:\/\/escalantecentreteatral.dival.es\/wp-content\/uploads\/logo_ect_nu_ect.png\" \/>\n\t<meta property=\"og:image:width\" content=\"800\" \/>\n\t<meta property=\"og:image:height\" content=\"800\" \/>\n\t<meta property=\"og:image:type\" content=\"image\/png\" \/>\n<meta name=\"twitter:card\" content=\"summary_large_image\" \/>\n<meta name=\"twitter:site\" content=\"@TeatreEscalante\" \/>\n<meta name=\"twitter:label1\" content=\"Est. reading time\" \/>\n\t<meta name=\"twitter:data1\" content=\"1 minute\" \/>\n<script type=\"application\/ld+json\" class=\"yoast-schema-graph\">{\"@context\":\"https:\/\/schema.org\",\"@graph\":[{\"@type\":\"WebPage\",\"@id\":\"https:\/\/escalantecentreteatral.dival.es\/repercusion\/escalante-vestira-la-navidad-memoria-historica-una-programacion-familiar-jugar-experimentar-teatro\",\"url\":\"https:\/\/escalantecentreteatral.dival.es\/repercusion\/escalante-vestira-la-navidad-memoria-historica-una-programacion-familiar-jugar-experimentar-teatro\",\"name\":\"4. L\u2019Escalante vestir\u00e0 el Nadal de Mem\u00f2ria Hist\u00f2rica i d'una programaci\u00f3 familiar per a jugar i experimentar amb el teatre - Escalante Centre Teatral\",\"isPartOf\":{\"@id\":\"https:\/\/escalantecentreteatral.dival.es\/val\/#website\"},\"datePublished\":\"2016-11-28T12:00:06+00:00\",\"dateModified\":\"2017-10-17T11:41:45+00:00\",\"breadcrumb\":{\"@id\":\"https:\/\/escalantecentreteatral.dival.es\/repercusion\/escalante-vestira-la-navidad-memoria-historica-una-programacion-familiar-jugar-experimentar-teatro#breadcrumb\"},\"inLanguage\":\"ca\",\"potentialAction\":[{\"@type\":\"ReadAction\",\"target\":[\"https:\/\/escalantecentreteatral.dival.es\/repercusion\/escalante-vestira-la-navidad-memoria-historica-una-programacion-familiar-jugar-experimentar-teatro\"]}]},{\"@type\":\"BreadcrumbList\",\"@id\":\"https:\/\/escalantecentreteatral.dival.es\/repercusion\/escalante-vestira-la-navidad-memoria-historica-una-programacion-familiar-jugar-experimentar-teatro#breadcrumb\",\"itemListElement\":[{\"@type\":\"ListItem\",\"position\":1,\"name\":\"Home\",\"item\":\"https:\/\/escalantecentreteatral.dival.es\/val\"},{\"@type\":\"ListItem\",\"position\":2,\"name\":\"Repercusi\u00f3n Medi\u00e1tica\",\"item\":\"https:\/\/escalantecentreteatral.dival.es\/repercusion\"},{\"@type\":\"ListItem\",\"position\":3,\"name\":\"4. L\u2019Escalante vestir\u00e0 el Nadal de Mem\u00f2ria Hist\u00f2rica i d&#8217;una programaci\u00f3 familiar per a jugar i experimentar amb el teatre\"}]},{\"@type\":\"WebSite\",\"@id\":\"https:\/\/escalantecentreteatral.dival.es\/val\/#website\",\"url\":\"https:\/\/escalantecentreteatral.dival.es\/val\/\",\"name\":\"Escalante Centre Teatral\",\"description\":\"Valencia | espectaculos | musicales | artes escenicas.\",\"publisher\":{\"@id\":\"https:\/\/escalantecentreteatral.dival.es\/val\/#organization\"},\"potentialAction\":[{\"@type\":\"SearchAction\",\"target\":{\"@type\":\"EntryPoint\",\"urlTemplate\":\"https:\/\/escalantecentreteatral.dival.es\/val\/?s={search_term_string}\"},\"query-input\":\"required name=search_term_string\"}],\"inLanguage\":\"ca\"},{\"@type\":\"Organization\",\"@id\":\"https:\/\/escalantecentreteatral.dival.es\/val\/#organization\",\"name\":\"Escalante Centre Teatral\",\"alternateName\":\"Escalante Centre Teatral Val\u00e8ncia\",\"url\":\"https:\/\/escalantecentreteatral.dival.es\/val\/\",\"logo\":{\"@type\":\"ImageObject\",\"inLanguage\":\"ca\",\"@id\":\"https:\/\/escalantecentreteatral.dival.es\/val\/#\/schema\/logo\/image\/\",\"url\":\"https:\/\/escalantecentreteatral.dival.es\/wp-content\/uploads\/logo_ect-1.png\",\"contentUrl\":\"https:\/\/escalantecentreteatral.dival.es\/wp-content\/uploads\/logo_ect-1.png\",\"width\":1024,\"height\":292,\"caption\":\"Escalante Centre Teatral\"},\"image\":{\"@id\":\"https:\/\/escalantecentreteatral.dival.es\/val\/#\/schema\/logo\/image\/\"},\"sameAs\":[\"https:\/\/www.facebook.com\/EscalanteTeatre\",\"https:\/\/twitter.com\/TeatreEscalante\",\"https:\/\/www.instagram.com\/centre_escalante\/\",\"https:\/\/www.youtube.com\/channel\/UCaXtimrtZ6eLZKN2qPgPa3g\"]}]}<\/script>\n<!-- \/ Yoast SEO plugin. -->","yoast_head_json":{"title":"4. L\u2019Escalante vestir\u00e0 el Nadal de Mem\u00f2ria Hist\u00f2rica i d'una programaci\u00f3 familiar per a jugar i experimentar amb el teatre - Escalante Centre Teatral","robots":{"index":"index","follow":"follow","max-snippet":"max-snippet:-1","max-image-preview":"max-image-preview:large","max-video-preview":"max-video-preview:-1"},"canonical":"https:\/\/escalantecentreteatral.dival.es\/repercusion\/escalante-vestira-la-navidad-memoria-historica-una-programacion-familiar-jugar-experimentar-teatro","og_locale":"ca_ES","og_type":"article","og_title":"4. L\u2019Escalante vestir\u00e0 el Nadal de Mem\u00f2ria Hist\u00f2rica i d'una programaci\u00f3 familiar per a jugar i experimentar amb el teatre - Escalante Centre Teatral","og_description":"Las Provincias:\u00a0http:\/\/www.lasprovincias.es\/agencias\/valencia\/201611\/25\/teatro-escalante-abre-publico-830793.html ABC:\u00a0http:\/\/agencias.abc.es\/agencias\/noticia.asp?noticia=2379203 La Veu:\u00a0http:\/\/www.laveupv.com\/noticia\/23430\/rss http:\/\/www.europapress.es\/valencia\/noticia-lescalante-sobri-public-adult-amb-cicle-nadalenc-dedicat-memoria-historica-20161125190343.html La Vanguardia:\u00a0http:\/\/www.lavanguardia.com\/local\/valencia\/20161125\/412170093448\/el-teatro-escalante-abre-al-publico-adulto-con-su-ciclo-de-memoria-historica.html El peri\u00f3dico de aqu\u00ed:\u00a0http:\/\/www.elperiodicodeaqui.com\/noticias\/LEscalante-vestiraNadalMemoria-Historica-i-duna-programacio-familiar-perjugar\/120530 ABC:\u00a0http:\/\/www.abc.es\/espana\/comunidad-valenciana\/abci-programacio-lescalante-este-hivern-historia-humor-diversio-tota-familia-201611271936_noticia.html El peri\u00f2dic:\u00a0http:\/\/www.elperiodic.com\/valencia\/noticias\/475172_lescalante-sobri-p%C3%BAblic-adult-cicle-mem%C3%B2ria-hist%C3%B2rica-presenta-espectacles-familiars-nadal.html 20 Minutos:\u00a0http:\/\/www.20minutos.es\/noticia\/2898293\/0\/lescalante-sobri-al-public-adult-amb-cicle-nadalenc-dedicat-mem-ria-hist-rica\/ Escalante, una programaci\u00f3n de historia, humor y diversi\u00f3n para toda la familia http:\/\/agendadeisa.com\/nadal-a-lescalante\/ http:\/\/www.copeaxarquia.es\/programacio-de-lescalante-per-a-este-hivern-historia-humor-i-diversio-per-a-tota-la-familia\/ &nbsp; Ciclo Memoria Hist\u00f3rica &#8211; Escalante Centre Teatral http:\/\/valenciaextra.com\/es\/lescalante-sobri-al-public-adult-amb-un-cicle-de-memoria-historica-i-presenta-espectacles-familiars-per-a-nadal\/","og_url":"https:\/\/escalantecentreteatral.dival.es\/repercusion\/escalante-vestira-la-navidad-memoria-historica-una-programacion-familiar-jugar-experimentar-teatro","og_site_name":"Escalante Centre Teatral","article_publisher":"https:\/\/www.facebook.com\/EscalanteTeatre","article_modified_time":"2017-10-17T11:41:45+00:00","og_image":[{"width":800,"height":800,"url":"https:\/\/escalantecentreteatral.dival.es\/wp-content\/uploads\/logo_ect_nu_ect.png","type":"image\/png"}],"twitter_card":"summary_large_image","twitter_site":"@TeatreEscalante","twitter_misc":{"Est. reading time":"1 minute"},"schema":{"@context":"https:\/\/schema.org","@graph":[{"@type":"WebPage","@id":"https:\/\/escalantecentreteatral.dival.es\/repercusion\/escalante-vestira-la-navidad-memoria-historica-una-programacion-familiar-jugar-experimentar-teatro","url":"https:\/\/escalantecentreteatral.dival.es\/repercusion\/escalante-vestira-la-navidad-memoria-historica-una-programacion-familiar-jugar-experimentar-teatro","name":"4. L\u2019Escalante vestir\u00e0 el Nadal de Mem\u00f2ria Hist\u00f2rica i d'una programaci\u00f3 familiar per a jugar i experimentar amb el teatre - Escalante Centre Teatral","isPartOf":{"@id":"https:\/\/escalantecentreteatral.dival.es\/val\/#website"},"datePublished":"2016-11-28T12:00:06+00:00","dateModified":"2017-10-17T11:41:45+00:00","breadcrumb":{"@id":"https:\/\/escalantecentreteatral.dival.es\/repercusion\/escalante-vestira-la-navidad-memoria-historica-una-programacion-familiar-jugar-experimentar-teatro#breadcrumb"},"inLanguage":"ca","potentialAction":[{"@type":"ReadAction","target":["https:\/\/escalantecentreteatral.dival.es\/repercusion\/escalante-vestira-la-navidad-memoria-historica-una-programacion-familiar-jugar-experimentar-teatro"]}]},{"@type":"BreadcrumbList","@id":"https:\/\/escalantecentreteatral.dival.es\/repercusion\/escalante-vestira-la-navidad-memoria-historica-una-programacion-familiar-jugar-experimentar-teatro#breadcrumb","itemListElement":[{"@type":"ListItem","position":1,"name":"Home","item":"https:\/\/escalantecentreteatral.dival.es\/val"},{"@type":"ListItem","position":2,"name":"Repercusi\u00f3n Medi\u00e1tica","item":"https:\/\/escalantecentreteatral.dival.es\/repercusion"},{"@type":"ListItem","position":3,"name":"4. L\u2019Escalante vestir\u00e0 el Nadal de Mem\u00f2ria Hist\u00f2rica i d&#8217;una programaci\u00f3 familiar per a jugar i experimentar amb el teatre"}]},{"@type":"WebSite","@id":"https:\/\/escalantecentreteatral.dival.es\/val\/#website","url":"https:\/\/escalantecentreteatral.dival.es\/val\/","name":"Escalante Centre Teatral","description":"Valencia | espectaculos | musicales | artes escenicas.","publisher":{"@id":"https:\/\/escalantecentreteatral.dival.es\/val\/#organization"},"potentialAction":[{"@type":"SearchAction","target":{"@type":"EntryPoint","urlTemplate":"https:\/\/escalantecentreteatral.dival.es\/val\/?s={search_term_string}"},"query-input":"required name=search_term_string"}],"inLanguage":"ca"},{"@type":"Organization","@id":"https:\/\/escalantecentreteatral.dival.es\/val\/#organization","name":"Escalante Centre Teatral","alternateName":"Escalante Centre Teatral Val\u00e8ncia","url":"https:\/\/escalantecentreteatral.dival.es\/val\/","logo":{"@type":"ImageObject","inLanguage":"ca","@id":"https:\/\/escalantecentreteatral.dival.es\/val\/#\/schema\/logo\/image\/","url":"https:\/\/escalantecentreteatral.dival.es\/wp-content\/uploads\/logo_ect-1.png","contentUrl":"https:\/\/escalantecentreteatral.dival.es\/wp-content\/uploads\/logo_ect-1.png","width":1024,"height":292,"caption":"Escalante Centre Teatral"},"image":{"@id":"https:\/\/escalantecentreteatral.dival.es\/val\/#\/schema\/logo\/image\/"},"sameAs":["https:\/\/www.facebook.com\/EscalanteTeatre","https:\/\/twitter.com\/TeatreEscalante","https:\/\/www.instagram.com\/centre_escalante\/","https:\/\/www.youtube.com\/channel\/UCaXtimrtZ6eLZKN2qPgPa3g"]}]}},"_links":{"self":[{"href":"https:\/\/escalantecentreteatral.dival.es\/val\/wp-json\/wp\/v2\/repercusion\/2371"}],"collection":[{"href":"https:\/\/escalantecentreteatral.dival.es\/val\/wp-json\/wp\/v2\/repercusion"}],"about":[{"href":"https:\/\/escalantecentreteatral.dival.es\/val\/wp-json\/wp\/v2\/types\/repercusion"}],"author":[{"embeddable":true,"href":"https:\/\/escalantecentreteatral.dival.es\/val\/wp-json\/wp\/v2\/users\/11"}],"version-history":[{"count":7,"href":"https:\/\/escalantecentreteatral.dival.es\/val\/wp-json\/wp\/v2\/repercusion\/2371\/revisions"}],"predecessor-version":[{"id":2717,"href":"https:\/\/escalantecentreteatral.dival.es\/val\/wp-json\/wp\/v2\/repercusion\/2371\/revisions\/2717"}],"wp:attachment":[{"href":"https:\/\/escalantecentreteatral.dival.es\/val\/wp-json\/wp\/v2\/media?parent=2371"}],"curies":[{"name":"wp","href":"https:\/\/api.w.org\/{rel}","templated":true}]}}