{"id":23076,"date":"2026-09-04T12:03:18","date_gmt":"2026-09-04T10:03:18","guid":{"rendered":"https:\/\/escalantecentreteatral.dival.es\/?post_type=espectaculo&#038;p=23076"},"modified":"2026-09-04T12:03:19","modified_gmt":"2026-09-04T10:03:19","slug":"de-la-sal-de-la-ferida-he-fet-un-tatuatge","status":"publish","type":"espectaculo","link":"https:\/\/escalantecentreteatral.dival.es\/val\/espectaculo\/de-la-sal-de-la-ferida-he-fet-un-tatuatge","title":{"rendered":"De la sal de la ferida he fet un tatuatge"},"content":{"rendered":"\n<p>Interpretaci\u00f3 lliure del revelador poemari <em>La crostera <\/em>(Premi Vila de Lloseta In\u00e8dit de poesia 2018)<\/p>\n\n\n\n<p>Esta pe\u00e7a teatral, que \u00e9s una ofrena sense pal\u00b7liatius als adolescents, exposa davant d\u2019ells mateixos, sense filtres, totes les pors i les salvacions d&#8217;estos primers anys de vida despr\u00e9s de la inf\u00e0ncia. Mitjan\u00e7ant el llenguatge po\u00e8tic, com b\u00e9 denota ja el poemari <em>La crostera<\/em>, de Cati Coll, l&#8217;actriu N\u00faria Sbert posa cos i veu a l&#8217;adolesc\u00e8ncia, un proc\u00e9s sacsejador que la conduir\u00e0 a l&#8217;alliberadora necessitat d&#8217;estimar-se tal com \u00e9s i procurar acceptar la persona adulta en qu\u00e8 es convertir\u00e0.<\/p>\n\n\n\n<p>Perqu\u00e8 totes les ferides fan crostera.<\/p>\n","protected":false},"excerpt":{"rendered":"<p>Interpretaci\u00f3 lliure del revelador poemari La crostera (Premi Vila de Lloseta In\u00e8dit de poesia 2018) Esta pe\u00e7a teatral, que \u00e9s una ofrena sense pal\u00b7liatius als adolescents, exposa davant d\u2019ells mateixos, sense filtres, totes les pors i les salvacions d&#8217;estos primers anys de vida despr\u00e9s de la inf\u00e0ncia. Mitjan\u00e7ant el llenguatge po\u00e8tic, com b\u00e9 denota ja [&hellip;]<\/p>\n","protected":false},"author":7,"featured_media":23084,"template":"","temporada":[470],"genero":[398],"edades_espec":[408,407],"tipo_espec":[],"acf":[],"yoast_head":"<!-- This site is optimized with the Yoast SEO plugin v21.1 - https:\/\/yoast.com\/wordpress\/plugins\/seo\/ -->\n<title>De la sal de la ferida he fet un tatuatge - Escalante Centre Teatral<\/title>\n<meta name=\"robots\" content=\"index, follow, max-snippet:-1, max-image-preview:large, max-video-preview:-1\" \/>\n<link rel=\"canonical\" href=\"https:\/\/escalantecentreteatral.dival.es\/val\/espectaculo\/de-la-sal-de-la-ferida-he-fet-un-tatuatge\" \/>\n<meta property=\"og:locale\" content=\"ca_ES\" \/>\n<meta property=\"og:type\" content=\"article\" \/>\n<meta property=\"og:title\" content=\"De la sal de la ferida he fet un tatuatge - Escalante Centre Teatral\" \/>\n<meta property=\"og:description\" content=\"Interpretaci\u00f3 lliure del revelador poemari La crostera (Premi Vila de Lloseta In\u00e8dit de poesia 2018) Esta pe\u00e7a teatral, que \u00e9s una ofrena sense pal\u00b7liatius als adolescents, exposa davant d\u2019ells mateixos, sense filtres, totes les pors i les salvacions d&#8217;estos primers anys de vida despr\u00e9s de la inf\u00e0ncia. Mitjan\u00e7ant el llenguatge po\u00e8tic, com b\u00e9 denota ja [&hellip;]\" \/>\n<meta property=\"og:url\" content=\"https:\/\/escalantecentreteatral.dival.es\/val\/espectaculo\/de-la-sal-de-la-ferida-he-fet-un-tatuatge\" \/>\n<meta property=\"og:site_name\" content=\"Escalante Centre Teatral\" \/>\n<meta property=\"article:publisher\" content=\"https:\/\/www.facebook.com\/EscalanteTeatre\" \/>\n<meta property=\"article:modified_time\" content=\"2026-09-04T10:03:19+00:00\" \/>\n<meta property=\"og:image\" content=\"https:\/\/escalantecentreteatral.dival.es\/wp-content\/uploads\/DE-LA-SAL-DE-LA-FERIDA_01-scaled.jpg\" \/>\n\t<meta property=\"og:image:width\" content=\"2560\" \/>\n\t<meta property=\"og:image:height\" content=\"1757\" \/>\n\t<meta property=\"og:image:type\" content=\"image\/jpeg\" \/>\n<meta name=\"twitter:card\" content=\"summary_large_image\" \/>\n<meta name=\"twitter:site\" content=\"@TeatreEscalante\" \/>\n<meta name=\"twitter:label1\" content=\"Est. reading time\" \/>\n\t<meta name=\"twitter:data1\" content=\"1 minute\" \/>\n<script type=\"application\/ld+json\" class=\"yoast-schema-graph\">{\"@context\":\"https:\/\/schema.org\",\"@graph\":[{\"@type\":\"WebPage\",\"@id\":\"https:\/\/escalantecentreteatral.dival.es\/val\/espectaculo\/de-la-sal-de-la-ferida-he-fet-un-tatuatge\",\"url\":\"https:\/\/escalantecentreteatral.dival.es\/val\/espectaculo\/de-la-sal-de-la-ferida-he-fet-un-tatuatge\",\"name\":\"De la sal de la ferida he fet un tatuatge - Escalante Centre Teatral\",\"isPartOf\":{\"@id\":\"https:\/\/escalantecentreteatral.dival.es\/val\/#website\"},\"datePublished\":\"2026-09-04T10:03:18+00:00\",\"dateModified\":\"2026-09-04T10:03:19+00:00\",\"breadcrumb\":{\"@id\":\"https:\/\/escalantecentreteatral.dival.es\/val\/espectaculo\/de-la-sal-de-la-ferida-he-fet-un-tatuatge#breadcrumb\"},\"inLanguage\":\"ca-ES\",\"potentialAction\":[{\"@type\":\"ReadAction\",\"target\":[\"https:\/\/escalantecentreteatral.dival.es\/val\/espectaculo\/de-la-sal-de-la-ferida-he-fet-un-tatuatge\"]}]},{\"@type\":\"BreadcrumbList\",\"@id\":\"https:\/\/escalantecentreteatral.dival.es\/val\/espectaculo\/de-la-sal-de-la-ferida-he-fet-un-tatuatge#breadcrumb\",\"itemListElement\":[{\"@type\":\"ListItem\",\"position\":1,\"name\":\"Home\",\"item\":\"https:\/\/escalantecentreteatral.dival.es\/val\"},{\"@type\":\"ListItem\",\"position\":2,\"name\":\"Espect\u00e1culos\",\"item\":\"https:\/\/escalantecentreteatral.dival.es\/val\/espectaculo\"},{\"@type\":\"ListItem\",\"position\":3,\"name\":\"De la sal de la ferida he fet un tatuatge\"}]},{\"@type\":\"WebSite\",\"@id\":\"https:\/\/escalantecentreteatral.dival.es\/val\/#website\",\"url\":\"https:\/\/escalantecentreteatral.dival.es\/val\/\",\"name\":\"Escalante Centre Teatral\",\"description\":\"Valencia | espectaculos | musicales | artes escenicas.\",\"publisher\":{\"@id\":\"https:\/\/escalantecentreteatral.dival.es\/val\/#organization\"},\"potentialAction\":[{\"@type\":\"SearchAction\",\"target\":{\"@type\":\"EntryPoint\",\"urlTemplate\":\"https:\/\/escalantecentreteatral.dival.es\/val\/?s={search_term_string}\"},\"query-input\":\"required name=search_term_string\"}],\"inLanguage\":\"ca-ES\"},{\"@type\":\"Organization\",\"@id\":\"https:\/\/escalantecentreteatral.dival.es\/val\/#organization\",\"name\":\"Escalante Centre Teatral\",\"alternateName\":\"Escalante Centre Teatral Val\u00e8ncia\",\"url\":\"https:\/\/escalantecentreteatral.dival.es\/val\/\",\"logo\":{\"@type\":\"ImageObject\",\"inLanguage\":\"ca-ES\",\"@id\":\"https:\/\/escalantecentreteatral.dival.es\/val\/#\/schema\/logo\/image\/\",\"url\":\"https:\/\/escalantecentreteatral.dival.es\/wp-content\/uploads\/logo_ect-1.png\",\"contentUrl\":\"https:\/\/escalantecentreteatral.dival.es\/wp-content\/uploads\/logo_ect-1.png\",\"width\":1024,\"height\":292,\"caption\":\"Escalante Centre Teatral\"},\"image\":{\"@id\":\"https:\/\/escalantecentreteatral.dival.es\/val\/#\/schema\/logo\/image\/\"},\"sameAs\":[\"https:\/\/www.facebook.com\/EscalanteTeatre\",\"https:\/\/twitter.com\/TeatreEscalante\",\"https:\/\/www.instagram.com\/centre_escalante\/\",\"https:\/\/www.youtube.com\/channel\/UCaXtimrtZ6eLZKN2qPgPa3g\"]}]}<\/script>\n<!-- \/ Yoast SEO plugin. -->","yoast_head_json":{"title":"De la sal de la ferida he fet un tatuatge - Escalante Centre Teatral","robots":{"index":"index","follow":"follow","max-snippet":"max-snippet:-1","max-image-preview":"max-image-preview:large","max-video-preview":"max-video-preview:-1"},"canonical":"https:\/\/escalantecentreteatral.dival.es\/val\/espectaculo\/de-la-sal-de-la-ferida-he-fet-un-tatuatge","og_locale":"ca_ES","og_type":"article","og_title":"De la sal de la ferida he fet un tatuatge - Escalante Centre Teatral","og_description":"Interpretaci\u00f3 lliure del revelador poemari La crostera (Premi Vila de Lloseta In\u00e8dit de poesia 2018) Esta pe\u00e7a teatral, que \u00e9s una ofrena sense pal\u00b7liatius als adolescents, exposa davant d\u2019ells mateixos, sense filtres, totes les pors i les salvacions d&#8217;estos primers anys de vida despr\u00e9s de la inf\u00e0ncia. Mitjan\u00e7ant el llenguatge po\u00e8tic, com b\u00e9 denota ja [&hellip;]","og_url":"https:\/\/escalantecentreteatral.dival.es\/val\/espectaculo\/de-la-sal-de-la-ferida-he-fet-un-tatuatge","og_site_name":"Escalante Centre Teatral","article_publisher":"https:\/\/www.facebook.com\/EscalanteTeatre","article_modified_time":"2026-09-04T10:03:19+00:00","og_image":[{"width":2560,"height":1757,"url":"https:\/\/escalantecentreteatral.dival.es\/wp-content\/uploads\/DE-LA-SAL-DE-LA-FERIDA_01-scaled.jpg","type":"image\/jpeg"}],"twitter_card":"summary_large_image","twitter_site":"@TeatreEscalante","twitter_misc":{"Est. reading time":"1 minute"},"schema":{"@context":"https:\/\/schema.org","@graph":[{"@type":"WebPage","@id":"https:\/\/escalantecentreteatral.dival.es\/val\/espectaculo\/de-la-sal-de-la-ferida-he-fet-un-tatuatge","url":"https:\/\/escalantecentreteatral.dival.es\/val\/espectaculo\/de-la-sal-de-la-ferida-he-fet-un-tatuatge","name":"De la sal de la ferida he fet un tatuatge - Escalante Centre Teatral","isPartOf":{"@id":"https:\/\/escalantecentreteatral.dival.es\/val\/#website"},"datePublished":"2026-09-04T10:03:18+00:00","dateModified":"2026-09-04T10:03:19+00:00","breadcrumb":{"@id":"https:\/\/escalantecentreteatral.dival.es\/val\/espectaculo\/de-la-sal-de-la-ferida-he-fet-un-tatuatge#breadcrumb"},"inLanguage":"ca-ES","potentialAction":[{"@type":"ReadAction","target":["https:\/\/escalantecentreteatral.dival.es\/val\/espectaculo\/de-la-sal-de-la-ferida-he-fet-un-tatuatge"]}]},{"@type":"BreadcrumbList","@id":"https:\/\/escalantecentreteatral.dival.es\/val\/espectaculo\/de-la-sal-de-la-ferida-he-fet-un-tatuatge#breadcrumb","itemListElement":[{"@type":"ListItem","position":1,"name":"Home","item":"https:\/\/escalantecentreteatral.dival.es\/val"},{"@type":"ListItem","position":2,"name":"Espect\u00e1culos","item":"https:\/\/escalantecentreteatral.dival.es\/val\/espectaculo"},{"@type":"ListItem","position":3,"name":"De la sal de la ferida he fet un tatuatge"}]},{"@type":"WebSite","@id":"https:\/\/escalantecentreteatral.dival.es\/val\/#website","url":"https:\/\/escalantecentreteatral.dival.es\/val\/","name":"Escalante Centre Teatral","description":"Valencia | espectaculos | musicales | artes escenicas.","publisher":{"@id":"https:\/\/escalantecentreteatral.dival.es\/val\/#organization"},"potentialAction":[{"@type":"SearchAction","target":{"@type":"EntryPoint","urlTemplate":"https:\/\/escalantecentreteatral.dival.es\/val\/?s={search_term_string}"},"query-input":"required name=search_term_string"}],"inLanguage":"ca-ES"},{"@type":"Organization","@id":"https:\/\/escalantecentreteatral.dival.es\/val\/#organization","name":"Escalante Centre Teatral","alternateName":"Escalante Centre Teatral Val\u00e8ncia","url":"https:\/\/escalantecentreteatral.dival.es\/val\/","logo":{"@type":"ImageObject","inLanguage":"ca-ES","@id":"https:\/\/escalantecentreteatral.dival.es\/val\/#\/schema\/logo\/image\/","url":"https:\/\/escalantecentreteatral.dival.es\/wp-content\/uploads\/logo_ect-1.png","contentUrl":"https:\/\/escalantecentreteatral.dival.es\/wp-content\/uploads\/logo_ect-1.png","width":1024,"height":292,"caption":"Escalante Centre Teatral"},"image":{"@id":"https:\/\/escalantecentreteatral.dival.es\/val\/#\/schema\/logo\/image\/"},"sameAs":["https:\/\/www.facebook.com\/EscalanteTeatre","https:\/\/twitter.com\/TeatreEscalante","https:\/\/www.instagram.com\/centre_escalante\/","https:\/\/www.youtube.com\/channel\/UCaXtimrtZ6eLZKN2qPgPa3g"]}]}},"_links":{"self":[{"href":"https:\/\/escalantecentreteatral.dival.es\/val\/wp-json\/wp\/v2\/espectaculo\/23076"}],"collection":[{"href":"https:\/\/escalantecentreteatral.dival.es\/val\/wp-json\/wp\/v2\/espectaculo"}],"about":[{"href":"https:\/\/escalantecentreteatral.dival.es\/val\/wp-json\/wp\/v2\/types\/espectaculo"}],"author":[{"embeddable":true,"href":"https:\/\/escalantecentreteatral.dival.es\/val\/wp-json\/wp\/v2\/users\/7"}],"version-history":[{"count":6,"href":"https:\/\/escalantecentreteatral.dival.es\/val\/wp-json\/wp\/v2\/espectaculo\/23076\/revisions"}],"predecessor-version":[{"id":23163,"href":"https:\/\/escalantecentreteatral.dival.es\/val\/wp-json\/wp\/v2\/espectaculo\/23076\/revisions\/23163"}],"wp:featuredmedia":[{"embeddable":true,"href":"https:\/\/escalantecentreteatral.dival.es\/val\/wp-json\/wp\/v2\/media\/23084"}],"wp:attachment":[{"href":"https:\/\/escalantecentreteatral.dival.es\/val\/wp-json\/wp\/v2\/media?parent=23076"}],"wp:term":[{"taxonomy":"temporada","embeddable":true,"href":"https:\/\/escalantecentreteatral.dival.es\/val\/wp-json\/wp\/v2\/temporada?post=23076"},{"taxonomy":"genero","embeddable":true,"href":"https:\/\/escalantecentreteatral.dival.es\/val\/wp-json\/wp\/v2\/genero?post=23076"},{"taxonomy":"edades_espec","embeddable":true,"href":"https:\/\/escalantecentreteatral.dival.es\/val\/wp-json\/wp\/v2\/edades_espec?post=23076"},{"taxonomy":"tipo_espec","embeddable":true,"href":"https:\/\/escalantecentreteatral.dival.es\/val\/wp-json\/wp\/v2\/tipo_espec?post=23076"}],"curies":[{"name":"wp","href":"https:\/\/api.w.org\/{rel}","templated":true}]}}