{"id":18583,"date":"2024-08-14T16:04:31","date_gmt":"2024-08-14T14:04:31","guid":{"rendered":"https:\/\/escalantecentreteatral.dival.es\/espectaculo\/donde-esta-alicia"},"modified":"2025-04-29T11:52:47","modified_gmt":"2025-04-29T09:52:47","slug":"donde-esta-alicia","status":"publish","type":"espectaculo","link":"https:\/\/escalantecentreteatral.dival.es\/val\/espectaculo\/donde-esta-alicia","title":{"rendered":"On est\u00e0 Al\u00edcia?"},"content":{"rendered":"\n<p>El que eren les meravelles ara s\u00f3n els paranys i l\u2019engany. El cau \u00e9s el pou de les vanitats. Al\u00edcia cau presa d\u2019un m\u00f3n, pa\u00eds o xarxa on tot \u00e9s el que sembla, pero on res \u00e9s real. Al\u00edcia es perd en el seu m\u00f3n d\u2019il\u00b7lusions artificials, de falsos afalacs, de castells de naips, de missatges irresistibles i ll\u00e9pols. Al\u00edcia esta detinguda, a l\u2019espera. Pel seu costat passen persones que no veu, ocells que no veu, mirades que no troba. Nom\u00e9s desitja que sone aquest so, aquest so gatuno que li obriga les portes de les Meravelles i li fa\u00e7a oblidar qui \u00e9s.<\/p>\n\n\n\n<p><strong>Nota: \u00a0hi ha una escena amb\u00a0il\u00b7luminaci\u00f3 estrobosc\u00f2pica<\/strong><\/p>\n\n\n\n<p>Una producci\u00f3 de Marea Danza basada en \u201cAl\u00edcia en el Pa\u00eds de las Maravillas\u201d de Lewis Carroll.<\/p>\n\n\n\n<p>Creada i dirigida por la Teta Calva.<\/p>\n","protected":false},"excerpt":{"rendered":"<p>El que eren les meravelles ara s\u00f3n els paranys i l\u2019engany. El cau \u00e9s el pou de les vanitats. Al\u00edcia cau presa d\u2019un m\u00f3n, pa\u00eds o xarxa on tot \u00e9s el que sembla, pero on res \u00e9s real. Al\u00edcia es perd en el seu m\u00f3n d\u2019il\u00b7lusions artificials, de falsos afalacs, de castells de naips, de [&hellip;]<\/p>\n","protected":false},"author":1,"featured_media":19707,"template":"","temporada":[435],"genero":[394],"edades_espec":[409,408],"tipo_espec":[],"acf":[],"yoast_head":"<!-- This site is optimized with the Yoast SEO plugin v21.1 - https:\/\/yoast.com\/wordpress\/plugins\/seo\/ -->\n<title>On est\u00e0 Al\u00edcia? - Escalante Centre Teatral<\/title>\n<meta name=\"robots\" content=\"index, follow, max-snippet:-1, max-image-preview:large, max-video-preview:-1\" \/>\n<link rel=\"canonical\" href=\"https:\/\/escalantecentreteatral.dival.es\/val\/espectaculo\/donde-esta-alicia\" \/>\n<meta property=\"og:locale\" content=\"ca_ES\" \/>\n<meta property=\"og:type\" content=\"article\" \/>\n<meta property=\"og:title\" content=\"On est\u00e0 Al\u00edcia? - Escalante Centre Teatral\" \/>\n<meta property=\"og:description\" content=\"El que eren les meravelles ara s\u00f3n els paranys i l\u2019engany. El cau \u00e9s el pou de les vanitats. Al\u00edcia cau presa d\u2019un m\u00f3n, pa\u00eds o xarxa on tot \u00e9s el que sembla, pero on res \u00e9s real. Al\u00edcia es perd en el seu m\u00f3n d\u2019il\u00b7lusions artificials, de falsos afalacs, de castells de naips, de [&hellip;]\" \/>\n<meta property=\"og:url\" content=\"https:\/\/escalantecentreteatral.dival.es\/val\/espectaculo\/donde-esta-alicia\" \/>\n<meta property=\"og:site_name\" content=\"Escalante Centre Teatral\" \/>\n<meta property=\"article:publisher\" content=\"https:\/\/www.facebook.com\/EscalanteTeatre\" \/>\n<meta property=\"article:modified_time\" content=\"2025-04-29T09:52:47+00:00\" \/>\n<meta property=\"og:image\" content=\"https:\/\/escalantecentreteatral.dival.es\/wp-content\/uploads\/Alicia_MareaDanza-x-NereaColl-BravaStudio-065-1-scaled.jpg\" \/>\n\t<meta property=\"og:image:width\" content=\"2560\" \/>\n\t<meta property=\"og:image:height\" content=\"1707\" \/>\n\t<meta property=\"og:image:type\" content=\"image\/jpeg\" \/>\n<meta name=\"twitter:card\" content=\"summary_large_image\" \/>\n<meta name=\"twitter:site\" content=\"@TeatreEscalante\" \/>\n<meta name=\"twitter:label1\" content=\"Est. reading time\" \/>\n\t<meta name=\"twitter:data1\" content=\"1 minute\" \/>\n<script type=\"application\/ld+json\" class=\"yoast-schema-graph\">{\"@context\":\"https:\/\/schema.org\",\"@graph\":[{\"@type\":\"WebPage\",\"@id\":\"https:\/\/escalantecentreteatral.dival.es\/val\/espectaculo\/donde-esta-alicia\",\"url\":\"https:\/\/escalantecentreteatral.dival.es\/val\/espectaculo\/donde-esta-alicia\",\"name\":\"On est\u00e0 Al\u00edcia? - Escalante Centre Teatral\",\"isPartOf\":{\"@id\":\"https:\/\/escalantecentreteatral.dival.es\/val\/#website\"},\"datePublished\":\"2024-08-14T14:04:31+00:00\",\"dateModified\":\"2025-04-29T09:52:47+00:00\",\"breadcrumb\":{\"@id\":\"https:\/\/escalantecentreteatral.dival.es\/val\/espectaculo\/donde-esta-alicia#breadcrumb\"},\"inLanguage\":\"ca\",\"potentialAction\":[{\"@type\":\"ReadAction\",\"target\":[\"https:\/\/escalantecentreteatral.dival.es\/val\/espectaculo\/donde-esta-alicia\"]}]},{\"@type\":\"BreadcrumbList\",\"@id\":\"https:\/\/escalantecentreteatral.dival.es\/val\/espectaculo\/donde-esta-alicia#breadcrumb\",\"itemListElement\":[{\"@type\":\"ListItem\",\"position\":1,\"name\":\"Home\",\"item\":\"https:\/\/escalantecentreteatral.dival.es\/val\"},{\"@type\":\"ListItem\",\"position\":2,\"name\":\"Espect\u00e1culos\",\"item\":\"https:\/\/escalantecentreteatral.dival.es\/val\/espectaculo\"},{\"@type\":\"ListItem\",\"position\":3,\"name\":\"On est\u00e0 Al\u00edcia?\"}]},{\"@type\":\"WebSite\",\"@id\":\"https:\/\/escalantecentreteatral.dival.es\/val\/#website\",\"url\":\"https:\/\/escalantecentreteatral.dival.es\/val\/\",\"name\":\"Escalante Centre Teatral\",\"description\":\"Valencia | espectaculos | musicales | artes escenicas.\",\"publisher\":{\"@id\":\"https:\/\/escalantecentreteatral.dival.es\/val\/#organization\"},\"potentialAction\":[{\"@type\":\"SearchAction\",\"target\":{\"@type\":\"EntryPoint\",\"urlTemplate\":\"https:\/\/escalantecentreteatral.dival.es\/val\/?s={search_term_string}\"},\"query-input\":\"required name=search_term_string\"}],\"inLanguage\":\"ca\"},{\"@type\":\"Organization\",\"@id\":\"https:\/\/escalantecentreteatral.dival.es\/val\/#organization\",\"name\":\"Escalante Centre Teatral\",\"alternateName\":\"Escalante Centre Teatral Val\u00e8ncia\",\"url\":\"https:\/\/escalantecentreteatral.dival.es\/val\/\",\"logo\":{\"@type\":\"ImageObject\",\"inLanguage\":\"ca\",\"@id\":\"https:\/\/escalantecentreteatral.dival.es\/val\/#\/schema\/logo\/image\/\",\"url\":\"https:\/\/escalantecentreteatral.dival.es\/wp-content\/uploads\/logo_ect-1.png\",\"contentUrl\":\"https:\/\/escalantecentreteatral.dival.es\/wp-content\/uploads\/logo_ect-1.png\",\"width\":1024,\"height\":292,\"caption\":\"Escalante Centre Teatral\"},\"image\":{\"@id\":\"https:\/\/escalantecentreteatral.dival.es\/val\/#\/schema\/logo\/image\/\"},\"sameAs\":[\"https:\/\/www.facebook.com\/EscalanteTeatre\",\"https:\/\/twitter.com\/TeatreEscalante\",\"https:\/\/www.instagram.com\/centre_escalante\/\",\"https:\/\/www.youtube.com\/channel\/UCaXtimrtZ6eLZKN2qPgPa3g\"]}]}<\/script>\n<!-- \/ Yoast SEO plugin. -->","yoast_head_json":{"title":"On est\u00e0 Al\u00edcia? - Escalante Centre Teatral","robots":{"index":"index","follow":"follow","max-snippet":"max-snippet:-1","max-image-preview":"max-image-preview:large","max-video-preview":"max-video-preview:-1"},"canonical":"https:\/\/escalantecentreteatral.dival.es\/val\/espectaculo\/donde-esta-alicia","og_locale":"ca_ES","og_type":"article","og_title":"On est\u00e0 Al\u00edcia? - Escalante Centre Teatral","og_description":"El que eren les meravelles ara s\u00f3n els paranys i l\u2019engany. El cau \u00e9s el pou de les vanitats. Al\u00edcia cau presa d\u2019un m\u00f3n, pa\u00eds o xarxa on tot \u00e9s el que sembla, pero on res \u00e9s real. Al\u00edcia es perd en el seu m\u00f3n d\u2019il\u00b7lusions artificials, de falsos afalacs, de castells de naips, de [&hellip;]","og_url":"https:\/\/escalantecentreteatral.dival.es\/val\/espectaculo\/donde-esta-alicia","og_site_name":"Escalante Centre Teatral","article_publisher":"https:\/\/www.facebook.com\/EscalanteTeatre","article_modified_time":"2025-04-29T09:52:47+00:00","og_image":[{"width":2560,"height":1707,"url":"https:\/\/escalantecentreteatral.dival.es\/wp-content\/uploads\/Alicia_MareaDanza-x-NereaColl-BravaStudio-065-1-scaled.jpg","type":"image\/jpeg"}],"twitter_card":"summary_large_image","twitter_site":"@TeatreEscalante","twitter_misc":{"Est. reading time":"1 minute"},"schema":{"@context":"https:\/\/schema.org","@graph":[{"@type":"WebPage","@id":"https:\/\/escalantecentreteatral.dival.es\/val\/espectaculo\/donde-esta-alicia","url":"https:\/\/escalantecentreteatral.dival.es\/val\/espectaculo\/donde-esta-alicia","name":"On est\u00e0 Al\u00edcia? - Escalante Centre Teatral","isPartOf":{"@id":"https:\/\/escalantecentreteatral.dival.es\/val\/#website"},"datePublished":"2024-08-14T14:04:31+00:00","dateModified":"2025-04-29T09:52:47+00:00","breadcrumb":{"@id":"https:\/\/escalantecentreteatral.dival.es\/val\/espectaculo\/donde-esta-alicia#breadcrumb"},"inLanguage":"ca","potentialAction":[{"@type":"ReadAction","target":["https:\/\/escalantecentreteatral.dival.es\/val\/espectaculo\/donde-esta-alicia"]}]},{"@type":"BreadcrumbList","@id":"https:\/\/escalantecentreteatral.dival.es\/val\/espectaculo\/donde-esta-alicia#breadcrumb","itemListElement":[{"@type":"ListItem","position":1,"name":"Home","item":"https:\/\/escalantecentreteatral.dival.es\/val"},{"@type":"ListItem","position":2,"name":"Espect\u00e1culos","item":"https:\/\/escalantecentreteatral.dival.es\/val\/espectaculo"},{"@type":"ListItem","position":3,"name":"On est\u00e0 Al\u00edcia?"}]},{"@type":"WebSite","@id":"https:\/\/escalantecentreteatral.dival.es\/val\/#website","url":"https:\/\/escalantecentreteatral.dival.es\/val\/","name":"Escalante Centre Teatral","description":"Valencia | espectaculos | musicales | artes escenicas.","publisher":{"@id":"https:\/\/escalantecentreteatral.dival.es\/val\/#organization"},"potentialAction":[{"@type":"SearchAction","target":{"@type":"EntryPoint","urlTemplate":"https:\/\/escalantecentreteatral.dival.es\/val\/?s={search_term_string}"},"query-input":"required name=search_term_string"}],"inLanguage":"ca"},{"@type":"Organization","@id":"https:\/\/escalantecentreteatral.dival.es\/val\/#organization","name":"Escalante Centre Teatral","alternateName":"Escalante Centre Teatral Val\u00e8ncia","url":"https:\/\/escalantecentreteatral.dival.es\/val\/","logo":{"@type":"ImageObject","inLanguage":"ca","@id":"https:\/\/escalantecentreteatral.dival.es\/val\/#\/schema\/logo\/image\/","url":"https:\/\/escalantecentreteatral.dival.es\/wp-content\/uploads\/logo_ect-1.png","contentUrl":"https:\/\/escalantecentreteatral.dival.es\/wp-content\/uploads\/logo_ect-1.png","width":1024,"height":292,"caption":"Escalante Centre Teatral"},"image":{"@id":"https:\/\/escalantecentreteatral.dival.es\/val\/#\/schema\/logo\/image\/"},"sameAs":["https:\/\/www.facebook.com\/EscalanteTeatre","https:\/\/twitter.com\/TeatreEscalante","https:\/\/www.instagram.com\/centre_escalante\/","https:\/\/www.youtube.com\/channel\/UCaXtimrtZ6eLZKN2qPgPa3g"]}]}},"_links":{"self":[{"href":"https:\/\/escalantecentreteatral.dival.es\/val\/wp-json\/wp\/v2\/espectaculo\/18583"}],"collection":[{"href":"https:\/\/escalantecentreteatral.dival.es\/val\/wp-json\/wp\/v2\/espectaculo"}],"about":[{"href":"https:\/\/escalantecentreteatral.dival.es\/val\/wp-json\/wp\/v2\/types\/espectaculo"}],"author":[{"embeddable":true,"href":"https:\/\/escalantecentreteatral.dival.es\/val\/wp-json\/wp\/v2\/users\/1"}],"version-history":[{"count":11,"href":"https:\/\/escalantecentreteatral.dival.es\/val\/wp-json\/wp\/v2\/espectaculo\/18583\/revisions"}],"predecessor-version":[{"id":19794,"href":"https:\/\/escalantecentreteatral.dival.es\/val\/wp-json\/wp\/v2\/espectaculo\/18583\/revisions\/19794"}],"wp:featuredmedia":[{"embeddable":true,"href":"https:\/\/escalantecentreteatral.dival.es\/val\/wp-json\/wp\/v2\/media\/19707"}],"wp:attachment":[{"href":"https:\/\/escalantecentreteatral.dival.es\/val\/wp-json\/wp\/v2\/media?parent=18583"}],"wp:term":[{"taxonomy":"temporada","embeddable":true,"href":"https:\/\/escalantecentreteatral.dival.es\/val\/wp-json\/wp\/v2\/temporada?post=18583"},{"taxonomy":"genero","embeddable":true,"href":"https:\/\/escalantecentreteatral.dival.es\/val\/wp-json\/wp\/v2\/genero?post=18583"},{"taxonomy":"edades_espec","embeddable":true,"href":"https:\/\/escalantecentreteatral.dival.es\/val\/wp-json\/wp\/v2\/edades_espec?post=18583"},{"taxonomy":"tipo_espec","embeddable":true,"href":"https:\/\/escalantecentreteatral.dival.es\/val\/wp-json\/wp\/v2\/tipo_espec?post=18583"}],"curies":[{"name":"wp","href":"https:\/\/api.w.org\/{rel}","templated":true}]}}