{"id":16618,"date":"2023-11-08T17:55:18","date_gmt":"2023-11-08T16:55:18","guid":{"rendered":"https:\/\/escalantecentreteatral.dival.es\/curso\/la-paraula-i-el-cant-una-simbiosi-musical"},"modified":"2023-11-08T17:55:18","modified_gmt":"2023-11-08T16:55:18","slug":"la-paraula-i-el-cant-una-simbiosi-musical","status":"publish","type":"curso","link":"https:\/\/escalantecentreteatral.dival.es\/val\/curso\/la-paraula-i-el-cant-una-simbiosi-musical","title":{"rendered":"La paraula i el cant (Una simbiosi musical)"},"content":{"rendered":"\n<p>Si triem qualsevol text de la nostra literatura teatral universal, descobrim que per a interpretar als personatges \u00e9s necessari <strong>investigar-los, descobrir-los<\/strong> i posar en boca les paraules que l\u2019autor ha volgut contar-nos.<\/p>\n\n\n\n<p>A\u00e7\u00f2 comporta unes <strong>inflexions vocals<\/strong>, que segons el com, el quan i el perqu\u00e8, deuran d\u2019interpretar-se amb una musicalitat <strong>expressiva determinada<\/strong>. <\/p>\n\n\n\n<p>Alhora, si triem una partitura musical, deurem d\u2019investigar i descobrir perqu\u00e8 l\u2019autor ha volgut contar-nos la seua historia amb registres diferents i tonalitats variades, per a que els sons convertits en melod\u00eda s\u2019expressen amb harmonia. A\u00e7\u00f2 fa que all\u00f2 que escoltem ens faci sentir diferents <strong>sensacions <\/strong>que desenvolupem amb <strong>l\u2019escolta<\/strong>.<\/p>\n\n\n\n<p>Si unim estes dos formes art\u00edstiques, sense perdre els matisos <strong>interpretatius <\/strong>ni <strong>musicals<\/strong>, ampliant la capacitat vocal i sonora, deixant que el cos mostre el que sent, crearem una manera d\u2019expressi\u00f3 que no \u00e9s nova, per\u00f2 teatral, musical i emocionalment rica.<\/p>\n\n\n\n<p>\u00c9s el que defineix com <strong>Teatre Musical<\/strong>.<\/p>\n\n\n\n<p>En aquest taller treballarem escenes dels musicals \u201cChicago\u201d, \u201cTe quiero eres perfecto\u201d, \u201cLos miserables\u201d, \u201cRent\u201d, \u201cLa familia Adams\u201d\u2026 Depenent de la quantitat d\u2019alumnes i de quants siguen homes i dones.<\/p>\n\n\n\n<h3 class=\"wp-block-heading\">Contingut<\/h3>\n\n\n\n<ul>\n<li>Entrenament vocal.<\/li>\n\n\n\n<li>Entrenament f\u00edsic.<\/li>\n\n\n\n<li>Coneixement i elaboraci\u00f3 dels personatges.<\/li>\n\n\n\n<li>Tractament de l\u2019estil.<\/li>\n\n\n\n<li>Muntatge de les escenes.<\/li>\n<\/ul>\n\n\n\n<p>IMPORTANT: <br><strong>Els alumnes necessitaran portar roba c\u00f2moda i aprendre\u2019s un text i una can\u00e7\u00f3<br>que mane el professor<\/strong>.<\/p>\n","protected":false},"excerpt":{"rendered":"<p>Si triem qualsevol text de la nostra literatura teatral universal, descobrim que per a interpretar als personatges \u00e9s necessari investigar-los, descobrir-los i posar en boca les paraules que l\u2019autor ha volgut contar-nos. A\u00e7\u00f2 comporta unes inflexions vocals, que segons el com, el quan i el perqu\u00e8, deuran d\u2019interpretar-se amb una musicalitat expressiva determinada. Alhora, si [&hellip;]<\/p>\n","protected":false},"author":1,"featured_media":16612,"template":"","tipo_curso":[50],"acf":[],"yoast_head":"<!-- This site is optimized with the Yoast SEO plugin v21.1 - https:\/\/yoast.com\/wordpress\/plugins\/seo\/ -->\n<title>La paraula i el cant (Una simbiosi musical) - Escalante Centre Teatral<\/title>\n<meta name=\"robots\" content=\"index, follow, max-snippet:-1, max-image-preview:large, max-video-preview:-1\" \/>\n<link rel=\"canonical\" href=\"https:\/\/escalantecentreteatral.dival.es\/val\/curso\/la-paraula-i-el-cant-una-simbiosi-musical\" \/>\n<meta property=\"og:locale\" content=\"ca_ES\" \/>\n<meta property=\"og:type\" content=\"article\" \/>\n<meta property=\"og:title\" content=\"La paraula i el cant (Una simbiosi musical) - Escalante Centre Teatral\" \/>\n<meta property=\"og:description\" content=\"Si triem qualsevol text de la nostra literatura teatral universal, descobrim que per a interpretar als personatges \u00e9s necessari investigar-los, descobrir-los i posar en boca les paraules que l\u2019autor ha volgut contar-nos. A\u00e7\u00f2 comporta unes inflexions vocals, que segons el com, el quan i el perqu\u00e8, deuran d\u2019interpretar-se amb una musicalitat expressiva determinada. Alhora, si [&hellip;]\" \/>\n<meta property=\"og:url\" content=\"https:\/\/escalantecentreteatral.dival.es\/val\/curso\/la-paraula-i-el-cant-una-simbiosi-musical\" \/>\n<meta property=\"og:site_name\" content=\"Escalante Centre Teatral\" \/>\n<meta property=\"article:publisher\" content=\"https:\/\/www.facebook.com\/EscalanteTeatre\" \/>\n<meta property=\"og:image\" content=\"https:\/\/escalantecentreteatral.dival.es\/wp-content\/uploads\/logo_ect_nu_ect.png\" \/>\n\t<meta property=\"og:image:width\" content=\"800\" \/>\n\t<meta property=\"og:image:height\" content=\"800\" \/>\n\t<meta property=\"og:image:type\" content=\"image\/png\" \/>\n<meta name=\"twitter:card\" content=\"summary_large_image\" \/>\n<meta name=\"twitter:site\" content=\"@TeatreEscalante\" \/>\n<meta name=\"twitter:label1\" content=\"Est. reading time\" \/>\n\t<meta name=\"twitter:data1\" content=\"1 minute\" \/>\n<script type=\"application\/ld+json\" class=\"yoast-schema-graph\">{\"@context\":\"https:\/\/schema.org\",\"@graph\":[{\"@type\":\"WebPage\",\"@id\":\"https:\/\/escalantecentreteatral.dival.es\/val\/curso\/la-paraula-i-el-cant-una-simbiosi-musical\",\"url\":\"https:\/\/escalantecentreteatral.dival.es\/val\/curso\/la-paraula-i-el-cant-una-simbiosi-musical\",\"name\":\"La paraula i el cant (Una simbiosi musical) - Escalante Centre Teatral\",\"isPartOf\":{\"@id\":\"https:\/\/escalantecentreteatral.dival.es\/val\/#website\"},\"datePublished\":\"2023-11-08T16:55:18+00:00\",\"dateModified\":\"2023-11-08T16:55:18+00:00\",\"breadcrumb\":{\"@id\":\"https:\/\/escalantecentreteatral.dival.es\/val\/curso\/la-paraula-i-el-cant-una-simbiosi-musical#breadcrumb\"},\"inLanguage\":\"ca\",\"potentialAction\":[{\"@type\":\"ReadAction\",\"target\":[\"https:\/\/escalantecentreteatral.dival.es\/val\/curso\/la-paraula-i-el-cant-una-simbiosi-musical\"]}]},{\"@type\":\"BreadcrumbList\",\"@id\":\"https:\/\/escalantecentreteatral.dival.es\/val\/curso\/la-paraula-i-el-cant-una-simbiosi-musical#breadcrumb\",\"itemListElement\":[{\"@type\":\"ListItem\",\"position\":1,\"name\":\"Home\",\"item\":\"https:\/\/escalantecentreteatral.dival.es\/val\"},{\"@type\":\"ListItem\",\"position\":2,\"name\":\"Cursos para Prof.\",\"item\":\"https:\/\/escalantecentreteatral.dival.es\/curso\"},{\"@type\":\"ListItem\",\"position\":3,\"name\":\"La paraula i el cant (Una simbiosi musical)\"}]},{\"@type\":\"WebSite\",\"@id\":\"https:\/\/escalantecentreteatral.dival.es\/val\/#website\",\"url\":\"https:\/\/escalantecentreteatral.dival.es\/val\/\",\"name\":\"Escalante Centre Teatral\",\"description\":\"Valencia | espectaculos | musicales | artes escenicas.\",\"publisher\":{\"@id\":\"https:\/\/escalantecentreteatral.dival.es\/val\/#organization\"},\"potentialAction\":[{\"@type\":\"SearchAction\",\"target\":{\"@type\":\"EntryPoint\",\"urlTemplate\":\"https:\/\/escalantecentreteatral.dival.es\/val\/?s={search_term_string}\"},\"query-input\":\"required name=search_term_string\"}],\"inLanguage\":\"ca\"},{\"@type\":\"Organization\",\"@id\":\"https:\/\/escalantecentreteatral.dival.es\/val\/#organization\",\"name\":\"Escalante Centre Teatral\",\"alternateName\":\"Escalante Centre Teatral Val\u00e8ncia\",\"url\":\"https:\/\/escalantecentreteatral.dival.es\/val\/\",\"logo\":{\"@type\":\"ImageObject\",\"inLanguage\":\"ca\",\"@id\":\"https:\/\/escalantecentreteatral.dival.es\/val\/#\/schema\/logo\/image\/\",\"url\":\"https:\/\/escalantecentreteatral.dival.es\/wp-content\/uploads\/logo_ect-1.png\",\"contentUrl\":\"https:\/\/escalantecentreteatral.dival.es\/wp-content\/uploads\/logo_ect-1.png\",\"width\":1024,\"height\":292,\"caption\":\"Escalante Centre Teatral\"},\"image\":{\"@id\":\"https:\/\/escalantecentreteatral.dival.es\/val\/#\/schema\/logo\/image\/\"},\"sameAs\":[\"https:\/\/www.facebook.com\/EscalanteTeatre\",\"https:\/\/twitter.com\/TeatreEscalante\",\"https:\/\/www.instagram.com\/centre_escalante\/\",\"https:\/\/www.youtube.com\/channel\/UCaXtimrtZ6eLZKN2qPgPa3g\"]}]}<\/script>\n<!-- \/ Yoast SEO plugin. -->","yoast_head_json":{"title":"La paraula i el cant (Una simbiosi musical) - Escalante Centre Teatral","robots":{"index":"index","follow":"follow","max-snippet":"max-snippet:-1","max-image-preview":"max-image-preview:large","max-video-preview":"max-video-preview:-1"},"canonical":"https:\/\/escalantecentreteatral.dival.es\/val\/curso\/la-paraula-i-el-cant-una-simbiosi-musical","og_locale":"ca_ES","og_type":"article","og_title":"La paraula i el cant (Una simbiosi musical) - Escalante Centre Teatral","og_description":"Si triem qualsevol text de la nostra literatura teatral universal, descobrim que per a interpretar als personatges \u00e9s necessari investigar-los, descobrir-los i posar en boca les paraules que l\u2019autor ha volgut contar-nos. A\u00e7\u00f2 comporta unes inflexions vocals, que segons el com, el quan i el perqu\u00e8, deuran d\u2019interpretar-se amb una musicalitat expressiva determinada. Alhora, si [&hellip;]","og_url":"https:\/\/escalantecentreteatral.dival.es\/val\/curso\/la-paraula-i-el-cant-una-simbiosi-musical","og_site_name":"Escalante Centre Teatral","article_publisher":"https:\/\/www.facebook.com\/EscalanteTeatre","og_image":[{"width":800,"height":800,"url":"https:\/\/escalantecentreteatral.dival.es\/wp-content\/uploads\/logo_ect_nu_ect.png","type":"image\/png"}],"twitter_card":"summary_large_image","twitter_site":"@TeatreEscalante","twitter_misc":{"Est. reading time":"1 minute"},"schema":{"@context":"https:\/\/schema.org","@graph":[{"@type":"WebPage","@id":"https:\/\/escalantecentreteatral.dival.es\/val\/curso\/la-paraula-i-el-cant-una-simbiosi-musical","url":"https:\/\/escalantecentreteatral.dival.es\/val\/curso\/la-paraula-i-el-cant-una-simbiosi-musical","name":"La paraula i el cant (Una simbiosi musical) - Escalante Centre Teatral","isPartOf":{"@id":"https:\/\/escalantecentreteatral.dival.es\/val\/#website"},"datePublished":"2023-11-08T16:55:18+00:00","dateModified":"2023-11-08T16:55:18+00:00","breadcrumb":{"@id":"https:\/\/escalantecentreteatral.dival.es\/val\/curso\/la-paraula-i-el-cant-una-simbiosi-musical#breadcrumb"},"inLanguage":"ca","potentialAction":[{"@type":"ReadAction","target":["https:\/\/escalantecentreteatral.dival.es\/val\/curso\/la-paraula-i-el-cant-una-simbiosi-musical"]}]},{"@type":"BreadcrumbList","@id":"https:\/\/escalantecentreteatral.dival.es\/val\/curso\/la-paraula-i-el-cant-una-simbiosi-musical#breadcrumb","itemListElement":[{"@type":"ListItem","position":1,"name":"Home","item":"https:\/\/escalantecentreteatral.dival.es\/val"},{"@type":"ListItem","position":2,"name":"Cursos para Prof.","item":"https:\/\/escalantecentreteatral.dival.es\/curso"},{"@type":"ListItem","position":3,"name":"La paraula i el cant (Una simbiosi musical)"}]},{"@type":"WebSite","@id":"https:\/\/escalantecentreteatral.dival.es\/val\/#website","url":"https:\/\/escalantecentreteatral.dival.es\/val\/","name":"Escalante Centre Teatral","description":"Valencia | espectaculos | musicales | artes escenicas.","publisher":{"@id":"https:\/\/escalantecentreteatral.dival.es\/val\/#organization"},"potentialAction":[{"@type":"SearchAction","target":{"@type":"EntryPoint","urlTemplate":"https:\/\/escalantecentreteatral.dival.es\/val\/?s={search_term_string}"},"query-input":"required name=search_term_string"}],"inLanguage":"ca"},{"@type":"Organization","@id":"https:\/\/escalantecentreteatral.dival.es\/val\/#organization","name":"Escalante Centre Teatral","alternateName":"Escalante Centre Teatral Val\u00e8ncia","url":"https:\/\/escalantecentreteatral.dival.es\/val\/","logo":{"@type":"ImageObject","inLanguage":"ca","@id":"https:\/\/escalantecentreteatral.dival.es\/val\/#\/schema\/logo\/image\/","url":"https:\/\/escalantecentreteatral.dival.es\/wp-content\/uploads\/logo_ect-1.png","contentUrl":"https:\/\/escalantecentreteatral.dival.es\/wp-content\/uploads\/logo_ect-1.png","width":1024,"height":292,"caption":"Escalante Centre Teatral"},"image":{"@id":"https:\/\/escalantecentreteatral.dival.es\/val\/#\/schema\/logo\/image\/"},"sameAs":["https:\/\/www.facebook.com\/EscalanteTeatre","https:\/\/twitter.com\/TeatreEscalante","https:\/\/www.instagram.com\/centre_escalante\/","https:\/\/www.youtube.com\/channel\/UCaXtimrtZ6eLZKN2qPgPa3g"]}]}},"_links":{"self":[{"href":"https:\/\/escalantecentreteatral.dival.es\/val\/wp-json\/wp\/v2\/curso\/16618"}],"collection":[{"href":"https:\/\/escalantecentreteatral.dival.es\/val\/wp-json\/wp\/v2\/curso"}],"about":[{"href":"https:\/\/escalantecentreteatral.dival.es\/val\/wp-json\/wp\/v2\/types\/curso"}],"author":[{"embeddable":true,"href":"https:\/\/escalantecentreteatral.dival.es\/val\/wp-json\/wp\/v2\/users\/1"}],"version-history":[{"count":0,"href":"https:\/\/escalantecentreteatral.dival.es\/val\/wp-json\/wp\/v2\/curso\/16618\/revisions"}],"wp:featuredmedia":[{"embeddable":true,"href":"https:\/\/escalantecentreteatral.dival.es\/val\/wp-json\/wp\/v2\/media\/16612"}],"wp:attachment":[{"href":"https:\/\/escalantecentreteatral.dival.es\/val\/wp-json\/wp\/v2\/media?parent=16618"}],"wp:term":[{"taxonomy":"tipo_curso","embeddable":true,"href":"https:\/\/escalantecentreteatral.dival.es\/val\/wp-json\/wp\/v2\/tipo_curso?post=16618"}],"curies":[{"name":"wp","href":"https:\/\/api.w.org\/{rel}","templated":true}]}}